{"id":11726,"date":"2022-06-27T17:45:50","date_gmt":"2022-06-27T15:45:50","guid":{"rendered":"https:\/\/www.efaflex.ch\/schulung\/"},"modified":"2024-07-31T11:18:26","modified_gmt":"2024-07-31T09:18:26","slug":"formation","status":"publish","type":"page","link":"https:\/\/www.efaflex.ch\/fr\/service-apres-vente\/service-suisse\/formation\/","title":{"rendered":"Formation"},"content":{"rendered":"\r\n\r\n<div id=\"breadcrump-block_e7b844732fe6ff8ad3f7179b19e72b38\" class=\"inner\">\r\n        <nav class=\"breadcrumb\"><a href=\"https:\/\/www.efaflex.ch\/fr\/\">Page d&#8217;accueil<\/a> \/ <span class=\"current-page\">Page<\/span><\/nav>    <\/div>\n\n\n<div style=\"height:150px\" aria-hidden=\"true\" class=\"wp-block-spacer\"><\/div>\n\n\n\r\n\r\n<div id=\"textmodul-3-spalten-block_ad7e5af298ab46e7ca09f6559b5cc24c\" class=\"textmodul-3-spalten\">\r\n    <div class=\"inner\">\r\n        <div class=\"custom-flex-box\">\r\n                            <h1 class=\"flex-box-thirty break headline-two\">Formation.<\/h1>                        <div class=\"flex-box-thirty\"><p>Notre exigence vis-\u00e0-vis de nos produits et de notre service exige des collaborateurs\/trices toujours form\u00e9s de mani\u00e8re optimale, afin de pouvoir r\u00e9pondre, en tant que fabricant haut de gamme, \u00e0 vos demandes et besoins avec les m\u00eames ambitions pour notre service.<\/p>\n<\/div>\r\n            <div class=\"flex-box-thirty\"><\/div>\r\n        <\/div>\r\n    <\/div>\r\n<\/div>\r\n\n\n\n<div style=\"height:100px\" aria-hidden=\"true\" class=\"wp-block-spacer\"><\/div>\n\n\n\r\n<div id=\"bild-text-modul-links-rechts-block_aa495df624c4f935734907301f266588\" class=\"bild-text-modul-container\">\r\n    <div class=\"inner\">\r\n                                                                                        <div id=\"\" class=\"bild-text-modul-links bild-text-modul\">\r\n                                <div class=\"custom-flex-box\">\r\n                                    <div class=\"flex-box-sixty bild-container\">\r\n                                                                                                                                                                                                                                                                                        <img decoding=\"async\" width=\"1920\" height=\"1280\" src=\"https:\/\/www.efaflex.ch\/wp-content\/uploads\/sites\/5\/2022\/08\/geschultes-personal-service-international-efaflex.jpg\" class=\"attachment-full size-full\" alt=\"\" srcset=\"https:\/\/www.efaflex.ch\/wp-content\/uploads\/sites\/5\/2022\/08\/geschultes-personal-service-international-efaflex.jpg 1920w, https:\/\/www.efaflex.ch\/wp-content\/uploads\/sites\/5\/2022\/08\/geschultes-personal-service-international-efaflex-300x200.jpg 300w, https:\/\/www.efaflex.ch\/wp-content\/uploads\/sites\/5\/2022\/08\/geschultes-personal-service-international-efaflex-1024x683.jpg 1024w, https:\/\/www.efaflex.ch\/wp-content\/uploads\/sites\/5\/2022\/08\/geschultes-personal-service-international-efaflex-768x512.jpg 768w, https:\/\/www.efaflex.ch\/wp-content\/uploads\/sites\/5\/2022\/08\/geschultes-personal-service-international-efaflex-1536x1024.jpg 1536w, https:\/\/www.efaflex.ch\/wp-content\/uploads\/sites\/5\/2022\/08\/geschultes-personal-service-international-efaflex-382x254.jpg 382w\" sizes=\"(max-width: 1920px) 100vw, 1920px\" \/>                                                                                                                                                                        <\/div>\r\n\r\n                                    <div class=\"flex-box-fourty text-container\">\r\n                                        <div class=\"text-container-flex\">\r\n                                            <div class=\"text-inner\">\r\n                                                                                                                                                            <div class=\"text-left-border\">\r\n                                                            <div class=\"text-cut\">\r\n                                                                \r\n\r\n                                                                                                                                          <h2 class=\"headline-two\">Personnel form\u00e9.<\/h2>                                                                   \r\n\r\n                                                                <p class=\"normal-font\"><p>Les formations r\u00e9guli\u00e8res de notre personnel de service permettent d&#8217;acqu\u00e9rir un savoir-faire optimal pour chaque situation et constituent la base de notre strat\u00e9gie d&#8217;excellence en mati\u00e8re de service.<\/p>\n<\/p>\r\n                                                            <\/div>\r\n                                                            <div class=\"button-box\">\r\n                                                                                                                                                                                                                                                              <\/div>\r\n                                                        <\/div>\r\n                                                                                                                                                <\/div>\r\n                                        <\/div>\r\n                                    <\/div>\r\n                                <\/div>\r\n                            <\/div>\r\n\r\n                                    \r\n            \r\n\r\n        \r\n\r\n\r\n        <\/div>\r\n<\/div>\r\n\r\n<style>\r\n    .bild-text-modul {\r\n        scroll-margin-top: 143px;\r\n    }\r\n<\/style>\n\n\n<div style=\"height:200px\" aria-hidden=\"true\" class=\"wp-block-spacer\"><\/div>\n","protected":false},"excerpt":{"rendered":"","protected":false},"author":4,"featured_media":0,"parent":12756,"menu_order":0,"comment_status":"closed","ping_status":"closed","template":"","meta":{"_acf_changed":false,"footnotes":""},"class_list":["post-11726","page","type-page","status-publish","hentry"],"acf":[],"_links":{"self":[{"href":"https:\/\/www.efaflex.ch\/fr\/wp-json\/wp\/v2\/pages\/11726","targetHints":{"allow":["GET"]}}],"collection":[{"href":"https:\/\/www.efaflex.ch\/fr\/wp-json\/wp\/v2\/pages"}],"about":[{"href":"https:\/\/www.efaflex.ch\/fr\/wp-json\/wp\/v2\/types\/page"}],"author":[{"embeddable":true,"href":"https:\/\/www.efaflex.ch\/fr\/wp-json\/wp\/v2\/users\/4"}],"replies":[{"embeddable":true,"href":"https:\/\/www.efaflex.ch\/fr\/wp-json\/wp\/v2\/comments?post=11726"}],"version-history":[{"count":11,"href":"https:\/\/www.efaflex.ch\/fr\/wp-json\/wp\/v2\/pages\/11726\/revisions"}],"predecessor-version":[{"id":17818,"href":"https:\/\/www.efaflex.ch\/fr\/wp-json\/wp\/v2\/pages\/11726\/revisions\/17818"}],"up":[{"embeddable":true,"href":"https:\/\/www.efaflex.ch\/fr\/wp-json\/wp\/v2\/pages\/12756"}],"wp:attachment":[{"href":"https:\/\/www.efaflex.ch\/fr\/wp-json\/wp\/v2\/media?parent=11726"}],"curies":[{"name":"wp","href":"https:\/\/api.w.org\/{rel}","templated":true}]}}