{"id":11803,"date":"2022-06-27T16:50:40","date_gmt":"2022-06-27T14:50:40","guid":{"rendered":"https:\/\/www.efaflex.ch\/vor-ort-beratung\/"},"modified":"2025-11-05T16:07:31","modified_gmt":"2025-11-05T15:07:31","slug":"conseils-sur-place","status":"publish","type":"page","link":"https:\/\/www.efaflex.ch\/fr\/service-apres-vente\/service-suisse\/conseils-sur-place\/","title":{"rendered":"Conseils sur place"},"content":{"rendered":"\r\n\r\n<div id=\"breadcrump-block_eeb22198830d9b43d2c70e4921dd9e9f\" class=\"inner\">\r\n        <nav class=\"breadcrumb\"><a href=\"https:\/\/www.efaflex.ch\/fr\/\">Page d&#8217;accueil<\/a> \/ <span class=\"current-page\">Page<\/span><\/nav>    <\/div>\n\n\n<div style=\"height:150px\" aria-hidden=\"true\" class=\"wp-block-spacer\"><\/div>\n\n\n\r\n\r\n<div id=\"textmodul-3-spalten-block_f60338e5848abe4afdb81800c7a742ee\" class=\"textmodul-3-spalten\">\r\n    <div class=\"inner\">\r\n        <div class=\"custom-flex-box\">\r\n                            <h1 class=\"flex-box-thirty break headline-two\">Conseils sur place. <\/h1>                        <div class=\"flex-box-thirty\"><p>Pour nous, un bon service apr\u00e8s-vente est une \u00e9vidence! Vous souhaitez des conseils d\u2019experts gratuits concernant nos prestations de service apr\u00e8s-vente? Votre conseiller de service apr\u00e8s-vente EFAFLEX est \u00e0 votre disposition \u00e0 tout moment directement sur place. Nous fabriquons de portes rapides ET fournissons des services. Ainsi, nous vous offrons un service apr\u00e8s-vente complet pour vos syst\u00e8mes de porte. Jugez par vous-m\u00eame!<\/p>\n<\/div>\r\n            <div class=\"flex-box-thirty\"><\/div>\r\n        <\/div>\r\n    <\/div>\r\n<\/div>\r\n\n\n\n<div style=\"height:100px\" aria-hidden=\"true\" class=\"wp-block-spacer\"><\/div>\n\n\n\r\n<div id=\"benefits-modul-block_7d651dabb5565d1c417f11a246c85f73\" class=\"benefits-modul inner\">\r\n    <h2>Savoir-faire technique.<\/h2>\r\n            <div class=\"custom-flex-box\">\r\n                            <div class=\"flex-box-fifty benefits-modul--benefit\">\r\n                    <img decoding=\"async\" width=\"49\" height=\"49\" src=\"https:\/\/www.efaflex.ch\/wp-content\/themes\/efaflex\/assets\/img\/benefits-check.svg\" alt=\"Benefits Check Icon\">\r\n                    <div>\r\n                        Le forfait de maintenance adapt\u00e9 \u00e0 vos syst\u00e8mes de porte, quel que soit le fabricant                                            <\/div>\r\n                <\/div>\r\n                            <div class=\"flex-box-fifty benefits-modul--benefit\">\r\n                    <img decoding=\"async\" width=\"49\" height=\"49\" src=\"https:\/\/www.efaflex.ch\/wp-content\/themes\/efaflex\/assets\/img\/benefits-check.svg\" alt=\"Benefits Check Icon\">\r\n                    <div>\r\n                        Soutien pour l\u2019observation de vos obligations en tant qu\u2019exploitant                                            <\/div>\r\n                <\/div>\r\n                            <div class=\"flex-box-fifty benefits-modul--benefit\">\r\n                    <img decoding=\"async\" width=\"49\" height=\"49\" src=\"https:\/\/www.efaflex.ch\/wp-content\/themes\/efaflex\/assets\/img\/benefits-check.svg\" alt=\"Benefits Check Icon\">\r\n                    <div>\r\n                        Approvisionnement des stocks efficace en fonction des besoins                                            <\/div>\r\n                <\/div>\r\n                            <div class=\"flex-box-fifty benefits-modul--benefit\">\r\n                    <img decoding=\"async\" width=\"49\" height=\"49\" src=\"https:\/\/www.efaflex.ch\/wp-content\/themes\/efaflex\/assets\/img\/benefits-check.svg\" alt=\"Benefits Check Icon\">\r\n                    <div>\r\n                        Contr\u00f4le de s\u00e9curit\u00e9 pour l\u2019exploitation de vos syst\u00e8mes de porte                                            <\/div>\r\n                <\/div>\r\n                            <div class=\"flex-box-fifty benefits-modul--benefit\">\r\n                    <img decoding=\"async\" width=\"49\" height=\"49\" src=\"https:\/\/www.efaflex.ch\/wp-content\/themes\/efaflex\/assets\/img\/benefits-check.svg\" alt=\"Benefits Check Icon\">\r\n                    <div>\r\n                        Extension de garantie de votre syst\u00e8me de porte EFAFLEX neuf                                            <\/div>\r\n                <\/div>\r\n                            <div class=\"flex-box-fifty benefits-modul--benefit\">\r\n                    <img decoding=\"async\" width=\"49\" height=\"49\" src=\"https:\/\/www.efaflex.ch\/wp-content\/themes\/efaflex\/assets\/img\/benefits-check.svg\" alt=\"Benefits Check Icon\">\r\n                    <div>\r\n                        Mesures communes de r\u00e9duction des dommages li\u00e9s \u00e0 des chocs                                            <\/div>\r\n                <\/div>\r\n                            <div class=\"flex-box-fifty benefits-modul--benefit\">\r\n                    <img decoding=\"async\" width=\"49\" height=\"49\" src=\"https:\/\/www.efaflex.ch\/wp-content\/themes\/efaflex\/assets\/img\/benefits-check.svg\" alt=\"Benefits Check Icon\">\r\n                    <div>\r\n                        Estimation de vos syst\u00e8mes de porte existants quel que soit le fabricant                                            <\/div>\r\n                <\/div>\r\n                            <div class=\"flex-box-fifty benefits-modul--benefit\">\r\n                    <img decoding=\"async\" width=\"49\" height=\"49\" src=\"https:\/\/www.efaflex.ch\/wp-content\/themes\/efaflex\/assets\/img\/benefits-check.svg\" alt=\"Benefits Check Icon\">\r\n                    <div>\r\n                        Allongement de la dur\u00e9e de vie de vos syst\u00e8mes de porte                                            <\/div>\r\n                <\/div>\r\n                            <div class=\"flex-box-fifty benefits-modul--benefit\">\r\n                    <img decoding=\"async\" width=\"49\" height=\"49\" src=\"https:\/\/www.efaflex.ch\/wp-content\/themes\/efaflex\/assets\/img\/benefits-check.svg\" alt=\"Benefits Check Icon\">\r\n                    <div>\r\n                        Mise en r\u00e9seau intelligente de vos syst\u00e8mes de porte EFAFLEX par l\u2019interm\u00e9diaire d\u2019EFA-SmartConnect                                            <\/div>\r\n                <\/div>\r\n                            <div class=\"flex-box-fifty benefits-modul--benefit\">\r\n                    <img decoding=\"async\" width=\"49\" height=\"49\" src=\"https:\/\/www.efaflex.ch\/wp-content\/themes\/efaflex\/assets\/img\/benefits-check.svg\" alt=\"Benefits Check Icon\">\r\n                    <div>\r\n                        D\u00e9montage et remontage professionnels des syst\u00e8mes de porte existants                                            <\/div>\r\n                <\/div>\r\n                    <\/div>\r\n        <div class=\"benefits-modul--links\">\r\n                                    <\/div>\r\n<\/div>\n\n\n<div style=\"height:200px\" aria-hidden=\"true\" class=\"wp-block-spacer\"><\/div>\n\n\n\r\n\r\n<div id=\"bild-text-modul-rechts-zweizeilig-block_15a21caa915156b21e60f27495308aec\" class=\"bild-text-modul-zweizeilig-container\">\r\n            \r\n\r\n\r\n            \r\n                                    \r\n                            <div class=\"bild-text-modul-rechts-zweizeilig bild-text-modul-zweizeilig\">\r\n                                <div class=\"custom-flex-box-no-margin\">\r\n                                    <div class=\"flex-box-fifty-no-margin text-container\">\r\n                                        <div class=\"text-container-flex\">\r\n                                            <div class=\"text-inner\">\r\n\r\n                                                                                                                                                            <div class=\"text-left-border\">\r\n                                                            <div class=\"text-cut\">\r\n                                                                \r\n                                                                                                                                    <h2 class=\"headline-two medium-h2\">Votre interlocuteur de confiance: <\/h2>                                                                \r\n<!--                                                                <h2 class=\"medium-h2\">--><!--<\/h2>-->\r\n                                                                <p class=\"normal-font full-text\">EFAFLEX Swiss GmbH<br \/>\r\nRue de l&#8217;Industrie 59<br \/>\r\n1030 Bussigny<br \/>\r\nT\u00e9l\u00e9phone: 021 21 921 14 88<\/p>\r\n                                                            <\/div>\r\n                                                            <div class=\"button-box\">\r\n                                                                                                                                                                                            <\/div>\r\n                                                        <\/div>\r\n                                                                                                    \r\n                                            <\/div>\r\n                                        <\/div>\r\n                                    <\/div>\r\n                                    <div class=\"flex-box-fifty-no-margin bild-container\">\r\n                                                                                                                                                                                                                                                                                        <img decoding=\"async\" width=\"1846\" height=\"1112\" src=\"https:\/\/www.efaflex.ch\/wp-content\/uploads\/sites\/5\/2025\/11\/hotline-telefon-support-service-efaflex.jpg\" class=\"attachment-full size-full\" alt=\"\" srcset=\"https:\/\/www.efaflex.ch\/wp-content\/uploads\/sites\/5\/2025\/11\/hotline-telefon-support-service-efaflex.jpg 1846w, https:\/\/www.efaflex.ch\/wp-content\/uploads\/sites\/5\/2025\/11\/hotline-telefon-support-service-efaflex-300x181.jpg 300w, https:\/\/www.efaflex.ch\/wp-content\/uploads\/sites\/5\/2025\/11\/hotline-telefon-support-service-efaflex-768x463.jpg 768w, https:\/\/www.efaflex.ch\/wp-content\/uploads\/sites\/5\/2025\/11\/hotline-telefon-support-service-efaflex-1024x617.jpg 1024w, https:\/\/www.efaflex.ch\/wp-content\/uploads\/sites\/5\/2025\/11\/hotline-telefon-support-service-efaflex-1536x925.jpg 1536w\" sizes=\"(max-width: 1846px) 100vw, 1846px\" \/>                                                                                                                                                                        <\/div>\r\n                                <\/div>\r\n                            <\/div>\r\n                                    \r\n            \r\n\r\n        \r\n\r\n\r\n    <\/div>\n\n\n<div style=\"height:200px\" aria-hidden=\"true\" class=\"wp-block-spacer\"><\/div>\n","protected":false},"excerpt":{"rendered":"","protected":false},"author":4,"featured_media":0,"parent":12756,"menu_order":0,"comment_status":"closed","ping_status":"closed","template":"","meta":{"_acf_changed":false,"footnotes":""},"class_list":["post-11803","page","type-page","status-publish","hentry"],"acf":[],"_links":{"self":[{"href":"https:\/\/www.efaflex.ch\/fr\/wp-json\/wp\/v2\/pages\/11803","targetHints":{"allow":["GET"]}}],"collection":[{"href":"https:\/\/www.efaflex.ch\/fr\/wp-json\/wp\/v2\/pages"}],"about":[{"href":"https:\/\/www.efaflex.ch\/fr\/wp-json\/wp\/v2\/types\/page"}],"author":[{"embeddable":true,"href":"https:\/\/www.efaflex.ch\/fr\/wp-json\/wp\/v2\/users\/4"}],"replies":[{"embeddable":true,"href":"https:\/\/www.efaflex.ch\/fr\/wp-json\/wp\/v2\/comments?post=11803"}],"version-history":[{"count":13,"href":"https:\/\/www.efaflex.ch\/fr\/wp-json\/wp\/v2\/pages\/11803\/revisions"}],"predecessor-version":[{"id":19912,"href":"https:\/\/www.efaflex.ch\/fr\/wp-json\/wp\/v2\/pages\/11803\/revisions\/19912"}],"up":[{"embeddable":true,"href":"https:\/\/www.efaflex.ch\/fr\/wp-json\/wp\/v2\/pages\/12756"}],"wp:attachment":[{"href":"https:\/\/www.efaflex.ch\/fr\/wp-json\/wp\/v2\/media?parent=11803"}],"curies":[{"name":"wp","href":"https:\/\/api.w.org\/{rel}","templated":true}]}}