{"id":12769,"date":"2022-05-09T14:34:21","date_gmt":"2022-05-09T12:34:21","guid":{"rendered":"https:\/\/www.efaflex.ch\/startseite\/"},"modified":"2026-01-29T11:23:28","modified_gmt":"2026-01-29T10:23:28","slug":"startseite","status":"publish","type":"page","link":"https:\/\/www.efaflex.ch\/fr\/","title":{"rendered":"Page d&#8217;accueil"},"content":{"rendered":"\r\n<script type=\"application\/javascript\">\r\n    window.addEventListener('DOMContentLoaded', function() {\r\n        jQuery(document).ready(function($){\r\n            var sliderid = \"block_95f23fa5fcf025b765596f1dc95e7475\";\r\n            $('#'+sliderid).slick({\r\n                infinite: true,\r\n                dots: false,\r\n                lazyLoad: 'ondemand',\r\n                autoplay: true,\r\n                autoplaySpeed: 5000,\r\n                pauseOnFocus: true,\r\n                arrows: false,\r\n                fade: false,\r\n                speed: 1500,\r\n                pauseOnHover: false,\r\n                prevArrow: '<div class=\"slick-prev slick-button\"><svg xmlns=\"http:\/\/www.w3.org\/2000\/svg\" viewBox=\"0 0 448 512\"><!--! Font Awesome Pro 6.1.1 by @fontawesome - https:\/\/fontawesome.com License - https:\/\/fontawesome.com\/license (Commercial License) Copyright 2022 Fonticons, Inc. --><path d=\"M77.25 256l137.4-137.4c12.5-12.5 12.5-32.75 0-45.25s-32.75-12.5-45.25 0l-160 160c-12.5 12.5-12.5 32.75 0 45.25l160 160C175.6 444.9 183.8 448 192 448s16.38-3.125 22.62-9.375c12.5-12.5 12.5-32.75 0-45.25L77.25 256zM269.3 256l137.4-137.4c12.5-12.5 12.5-32.75 0-45.25s-32.75-12.5-45.25 0l-160 160c-12.5 12.5-12.5 32.75 0 45.25l160 160C367.6 444.9 375.8 448 384 448s16.38-3.125 22.62-9.375c12.5-12.5 12.5-32.75 0-45.25L269.3 256z\"\/><\/svg><\/div>',\r\n                nextArrow: '<div class=\"slick-next slick-button\"><svg xmlns=\"http:\/\/www.w3.org\/2000\/svg\" viewBox=\"0 0 448 512\"><!--! Font Awesome Pro 6.1.1 by @fontawesome - https:\/\/fontawesome.com License - https:\/\/fontawesome.com\/license (Commercial License) Copyright 2022 Fonticons, Inc. --><path fill=\"ff0000\" style=\"height: 22px\" d=\"M246.6 233.4l-160-160c-12.5-12.5-32.75-12.5-45.25 0s-12.5 32.75 0 45.25L178.8 256l-137.4 137.4c-12.5 12.5-12.5 32.75 0 45.25C47.63 444.9 55.81 448 64 448s16.38-3.125 22.62-9.375l160-160C259.1 266.1 259.1 245.9 246.6 233.4zM438.6 233.4l-160-160c-12.5-12.5-32.75-12.5-45.25 0s-12.5 32.75 0 45.25L370.8 256l-137.4 137.4c-12.5 12.5-12.5 32.75 0 45.25C239.6 444.9 247.8 448 256 448s16.38-3.125 22.62-9.375l160-160C451.1 266.1 451.1 245.9 438.6 233.4z\"\/><\/svg><\/div>',\r\n            });\r\n        });\r\n    });\r\n<\/script>\r\n\r\n<div id=\"block_95f23fa5fcf025b765596f1dc95e7475\" class=\"bild-video-slider-fullwidth\">\r\n                        <div class=\"bild-video-slider-fullwidth--slide img-vid-box\">\r\n                                                                                                    <img decoding=\"async\" width=\"1920\" height=\"900\" src=\"https:\/\/www.efaflex.ch\/wp-content\/uploads\/sites\/5\/2026\/01\/efx-headerbild-weltrekord-1920x800-waben-1920x900.jpg\" class=\"attachment-bild-fullsize-width size-bild-fullsize-width\" alt=\"\" srcset=\"https:\/\/www.efaflex.ch\/wp-content\/uploads\/sites\/5\/2026\/01\/efx-headerbild-weltrekord-1920x800-waben.jpg 1920w, https:\/\/www.efaflex.ch\/wp-content\/uploads\/sites\/5\/2026\/01\/efx-headerbild-weltrekord-1920x800-waben-300x141.jpg 300w, https:\/\/www.efaflex.ch\/wp-content\/uploads\/sites\/5\/2026\/01\/efx-headerbild-weltrekord-1920x800-waben-768x360.jpg 768w, https:\/\/www.efaflex.ch\/wp-content\/uploads\/sites\/5\/2026\/01\/efx-headerbild-weltrekord-1920x800-waben-1024x480.jpg 1024w, https:\/\/www.efaflex.ch\/wp-content\/uploads\/sites\/5\/2026\/01\/efx-headerbild-weltrekord-1920x800-waben-1536x720.jpg 1536w\" sizes=\"(max-width: 1920px) 100vw, 1920px\" \/>                    \r\n                                            <div class=\"bild-video-slider-fullwidth--text\">\r\n\t                        <span class=\"slider-headline\">Record mondial pour <br \/>\r\nla porte rapide \u00e0 ouverture <br \/>\r\nverticale la plus rapide<\/span>\r\n                                                                                                                    <a class=\"load-more-button\" href=\"https:\/\/www.efaflex.ch\/wp-content\/uploads\/2025\/12\/efaflex-weltrekord-hoechste-torgeschwindigkeit-urkunde.jpg\" target=\"\">En savoir plus<\/a>\r\n                                                    <\/div>\r\n\t                                            <\/div>\r\n                    <div class=\"bild-video-slider-fullwidth--slide img-vid-box\">\r\n                                                                                                    <img decoding=\"async\" width=\"1920\" height=\"966\" src=\"https:\/\/www.efaflex.ch\/wp-content\/uploads\/sites\/5\/2025\/09\/efaflex-sst-n-niedrigsturz-premium-desktop-1920x966.jpg\" class=\"attachment-bild-fullsize-width size-bild-fullsize-width\" alt=\"\" \/>                    \r\n                                            <div class=\"bild-video-slider-fullwidth--text\">\r\n\t                        <span class=\"slider-headline\">La porte \u00e0 linteau bas <br \/>\r\nla plus rapide au monde<\/span>\r\n                            <p>EFA-SST\u00ae N Premium<\/p>\n                                                                                        <a class=\"load-more-button\" href=\"https:\/\/www.efaflex.ch\/fr\/porte-rapide\/porte-rapide-a-spirale-a-linteau-bas-efa-sst-n-premium\/\" target=\"\">En savoir plus<\/a>\r\n                                                    <\/div>\r\n\t                                            <\/div>\r\n                    <div class=\"bild-video-slider-fullwidth--slide img-vid-box\">\r\n                                                                                                    <img decoding=\"async\" width=\"1920\" height=\"800\" src=\"https:\/\/www.efaflex.ch\/wp-content\/uploads\/sites\/5\/2025\/09\/efa-smartassist-emergency-desktop.jpg\" class=\"attachment-bild-fullsize-width size-bild-fullsize-width\" alt=\"\" srcset=\"https:\/\/www.efaflex.ch\/wp-content\/uploads\/sites\/5\/2025\/09\/efa-smartassist-emergency-desktop.jpg 1920w, https:\/\/www.efaflex.ch\/wp-content\/uploads\/sites\/5\/2025\/09\/efa-smartassist-emergency-desktop-300x125.jpg 300w, https:\/\/www.efaflex.ch\/wp-content\/uploads\/sites\/5\/2025\/09\/efa-smartassist-emergency-desktop-768x320.jpg 768w, https:\/\/www.efaflex.ch\/wp-content\/uploads\/sites\/5\/2025\/09\/efa-smartassist-emergency-desktop-1024x427.jpg 1024w, https:\/\/www.efaflex.ch\/wp-content\/uploads\/sites\/5\/2025\/09\/efa-smartassist-emergency-desktop-1536x640.jpg 1536w\" sizes=\"(max-width: 1920px) 100vw, 1920px\" \/>                    \r\n                                            <div class=\"bild-video-slider-fullwidth--text\">\r\n\t                        <span class=\"slider-headline\">EFA-SmartAssist\u00ae<\/span>\r\n                            <p>Une assistance lorsque chaque seconde compte.<\/p>\n                                                                                        <a class=\"load-more-button\" href=\"https:\/\/www.efaflex.ch\/fr\/service-apres-vente\/\" target=\"\">En savoir plus<\/a>\r\n                                                    <\/div>\r\n\t                                            <\/div>\r\n                    <div class=\"bild-video-slider-fullwidth--slide img-vid-box\">\r\n                                                                                                    <img decoding=\"async\" width=\"1920\" height=\"800\" src=\"https:\/\/www.efaflex.ch\/wp-content\/uploads\/sites\/5\/2025\/09\/efaflex-10-jahre-garantie-fr.jpg\" class=\"attachment-bild-fullsize-width size-bild-fullsize-width\" alt=\"\" srcset=\"https:\/\/www.efaflex.ch\/wp-content\/uploads\/sites\/5\/2025\/09\/efaflex-10-jahre-garantie-fr.jpg 1920w, https:\/\/www.efaflex.ch\/wp-content\/uploads\/sites\/5\/2025\/09\/efaflex-10-jahre-garantie-fr-300x125.jpg 300w, https:\/\/www.efaflex.ch\/wp-content\/uploads\/sites\/5\/2025\/09\/efaflex-10-jahre-garantie-fr-768x320.jpg 768w, https:\/\/www.efaflex.ch\/wp-content\/uploads\/sites\/5\/2025\/09\/efaflex-10-jahre-garantie-fr-1024x427.jpg 1024w, https:\/\/www.efaflex.ch\/wp-content\/uploads\/sites\/5\/2025\/09\/efaflex-10-jahre-garantie-fr-1536x640.jpg 1536w\" sizes=\"(max-width: 1920px) 100vw, 1920px\" \/>                    \r\n                                            <div class=\"bild-video-slider-fullwidth--text\">\r\n\t                        <span class=\"slider-headline\">Qualit\u00e9 Premium<\/span>\r\n                            <p>Garantie de 10 ans sur la structure de base*<\/p>\n                                                                                        <a class=\"load-more-button\" href=\"https:\/\/www.efaflex.ch\/fr\/entreprise\/qualite\/\" target=\"\">En savoir plus<\/a>\r\n                                                    <\/div>\r\n\t                                            <\/div>\r\n                    <div class=\"bild-video-slider-fullwidth--slide img-vid-box\">\r\n                                                                                                    <img decoding=\"async\" width=\"1920\" height=\"800\" src=\"https:\/\/www.efaflex.ch\/wp-content\/uploads\/sites\/5\/2025\/09\/schnelllauftore-next-generation-efaflex.jpg\" class=\"attachment-bild-fullsize-width size-bild-fullsize-width\" alt=\"\" srcset=\"https:\/\/www.efaflex.ch\/wp-content\/uploads\/sites\/5\/2025\/09\/schnelllauftore-next-generation-efaflex.jpg 1920w, https:\/\/www.efaflex.ch\/wp-content\/uploads\/sites\/5\/2025\/09\/schnelllauftore-next-generation-efaflex-300x125.jpg 300w, https:\/\/www.efaflex.ch\/wp-content\/uploads\/sites\/5\/2025\/09\/schnelllauftore-next-generation-efaflex-768x320.jpg 768w, https:\/\/www.efaflex.ch\/wp-content\/uploads\/sites\/5\/2025\/09\/schnelllauftore-next-generation-efaflex-1024x427.jpg 1024w, https:\/\/www.efaflex.ch\/wp-content\/uploads\/sites\/5\/2025\/09\/schnelllauftore-next-generation-efaflex-1536x640.jpg 1536w\" sizes=\"(max-width: 1920px) 100vw, 1920px\" \/>                    \r\n                                            <div class=\"bild-video-slider-fullwidth--text\">\r\n\t                        <span class=\"slider-headline\">Portes rapides <br \/>\r\nNext Generation<\/span>\r\n                                                                                                                    <a class=\"load-more-button\" href=\"https:\/\/www.efaflex.ch\/fr\/produits\/portes-rapides-next-generation\/\" target=\"\">En savoir plus<\/a>\r\n                                                    <\/div>\r\n\t                                            <\/div>\r\n            <\/div>\n\n\n<div style=\"height:100px\" aria-hidden=\"true\" class=\"wp-block-spacer\"><\/div>\n\n\n\r\n<div id=\"headline-modul-block_b9e06a41248401577bbe5a439764e003\" class=\"headline-modul inner\">\r\n    <div class=\"headline-modul--flex\">\r\n        <div class=\"headline-modul--left\">\r\n       <img decoding=\"async\" src=\"https:\/\/www.efaflex.ch\/wp-content\/themes\/efaflex\/assets\/img\/efaflex-50-jahre-erfolg.svg\" alt=\"50 Jahre EFAFLEX Schnelllauftore\">\r\n            <span>Ann\u00e9es de succ\u00e8s<\/span>\r\n        <\/div>\r\n        <div class=\"headline-modul--right\">\r\n                                                                                        <h1><span class=\"highlighted\">Le premier fabricant<\/span> de portes rapides \u00e0 spirale et de portes rapides pliantes.<\/h1>\n                            <div class=\"custom-flex-box hidden-mobile\">\r\n                                <p class=\"flex-box-fifty\">Des portes industrielles modernes pour r\u00e9pondre aux exigences les plus \u00e9lev\u00e9es.<br \/>\r\n<\/p>\r\n                                <p class=\"flex-box-fifty\">Nous sommes une entreprise familiale avec des traditions. Nous fabriquons de portes rapides. Nous sommes un prestataire de services : nous sommes EFAFLEX, innovants et actifs dans le monde entier pour assurer la satisfaction de nos clients.\r\n<\/p>\r\n                            <\/div>\r\n                                                                    <\/div>\r\n        <div class=\"headline-modul--text\">\r\n                                                                        <div class=\"custom-flex-box\">\r\n                            <p class=\"flex-box-fifty\">Des portes industrielles modernes pour r\u00e9pondre aux exigences les plus \u00e9lev\u00e9es.<br \/>\r\n<\/p>\r\n                            <p class=\"flex-box-fifty\">Nous sommes une entreprise familiale avec des traditions. Nous fabriquons de portes rapides. Nous sommes un prestataire de services : nous sommes EFAFLEX, innovants et actifs dans le monde entier pour assurer la satisfaction de nos clients.\r\n<\/p>\r\n                        <\/div>\r\n                                                        <\/div>\r\n    <\/div>\r\n<\/div>\r\n\n\n\n<div style=\"height:100px\" aria-hidden=\"true\" class=\"wp-block-spacer\"><\/div>\n\n\n\r\n<div id=\"bild-modul-1-3-quicklink-block_224094f8d7cbfbb4b1285af15a1d5e46\" class=\"bild-modul-1-3-quicklink\">\r\n    <div class=\"inner\">\r\n                <div class=\"custom-flex-box\">\r\n                                                                                                                                    <div class=\"flex-box-thirty bild-modul\">\r\n                                                                                                                    <a class=\"bild-link\" href=\"https:\/\/www.efaflex.ch\/fr\/portes-rapides\/\">\r\n                                                                                                                                                                                                            <img decoding=\"async\" width=\"517\" height=\"720\" src=\"https:\/\/www.efaflex.ch\/wp-content\/uploads\/sites\/5\/2022\/08\/produkte-industrietore-preview-efaflex.jpg\" class=\"attachment-bild-modul-1-3-quicklink size-bild-modul-1-3-quicklink\" alt=\"\" srcset=\"https:\/\/www.efaflex.ch\/wp-content\/uploads\/sites\/5\/2022\/08\/produkte-industrietore-preview-efaflex.jpg 517w, https:\/\/www.efaflex.ch\/wp-content\/uploads\/sites\/5\/2022\/08\/produkte-industrietore-preview-efaflex-215x300.jpg 215w\" sizes=\"(max-width: 517px) 100vw, 517px\" \/>                                                                                <h2>Produits<\/h2>\r\n                                                                                    <div class=\"bild-modul-1-3-quicklink--linktext load-more-button\">\r\n                                               En savoir plus                                            <\/div>\r\n                                                                                <div class=\"bild-modul-1-3-quicklink--background\"><\/div>\r\n                                                                                         <\/a>\r\n                                                                            <\/div>\r\n                                                    \r\n                                                                                                                                                <div class=\"flex-box-thirty bild-modul\">\r\n                                                                                                                    <a class=\"bild-link\" href=\"https:\/\/www.efaflex.ch\/fr\/solutions\/\">\r\n                                                                                                                                                                                                            <img decoding=\"async\" width=\"517\" height=\"720\" src=\"https:\/\/www.efaflex.ch\/wp-content\/uploads\/sites\/5\/2022\/07\/loesungen-industrietore-preview-efaflex.jpg\" class=\"attachment-bild-modul-1-3-quicklink size-bild-modul-1-3-quicklink\" alt=\"\" srcset=\"https:\/\/www.efaflex.ch\/wp-content\/uploads\/sites\/5\/2022\/07\/loesungen-industrietore-preview-efaflex.jpg 517w, https:\/\/www.efaflex.ch\/wp-content\/uploads\/sites\/5\/2022\/07\/loesungen-industrietore-preview-efaflex-215x300.jpg 215w\" sizes=\"(max-width: 517px) 100vw, 517px\" \/>                                                                                <h2>Solutions<\/h2>\r\n                                                                                    <div class=\"bild-modul-1-3-quicklink--linktext load-more-button\">\r\n                                               En savoir plus                                            <\/div>\r\n                                                                                <div class=\"bild-modul-1-3-quicklink--background\"><\/div>\r\n                                                                                         <\/a>\r\n                                                                            <\/div>\r\n                                                    \r\n                                                                                                                                                <div class=\"flex-box-thirty bild-modul\">\r\n                                                                                                                    <a class=\"bild-link\" href=\"https:\/\/www.efaflex.ch\/fr\/utilisateurs\/\">\r\n                                                                                                                                                                                                            <img decoding=\"async\" width=\"517\" height=\"720\" src=\"https:\/\/www.efaflex.ch\/wp-content\/uploads\/sites\/5\/2022\/07\/anwender-industrietore-preview-efaflex.jpg\" class=\"attachment-bild-modul-1-3-quicklink size-bild-modul-1-3-quicklink\" alt=\"\" srcset=\"https:\/\/www.efaflex.ch\/wp-content\/uploads\/sites\/5\/2022\/07\/anwender-industrietore-preview-efaflex.jpg 517w, https:\/\/www.efaflex.ch\/wp-content\/uploads\/sites\/5\/2022\/07\/anwender-industrietore-preview-efaflex-215x300.jpg 215w\" sizes=\"(max-width: 517px) 100vw, 517px\" \/>                                                                                <h2>Utilisateurs<\/h2>\r\n                                                                                    <div class=\"bild-modul-1-3-quicklink--linktext load-more-button\">\r\n                                               En savoir plus                                            <\/div>\r\n                                                                                <div class=\"bild-modul-1-3-quicklink--background\"><\/div>\r\n                                                                                         <\/a>\r\n                                                                            <\/div>\r\n                                                    \r\n                                                            <\/div>\r\n    <\/div>\r\n<\/div>\n\n\n<div style=\"height:200px\" aria-hidden=\"true\" class=\"wp-block-spacer\"><\/div>\n\n\n\r\n<div id=\"bild-text-modul-links-rechts-block_044d2eb589c726cd7ade37c034c4ea03\" class=\"bild-text-modul-container\">\r\n    <div class=\"inner\">\r\n                        \r\n                                    \r\n                            <div id=\"\" class=\"bild-text-modul-rechts bild-text-modul\">\r\n                                <div class=\"custom-flex-box\">\r\n                                    <div class=\"flex-box-fourty text-container\">\r\n                                        <div class=\"text-container-flex\">\r\n                                            <div class=\"text-inner\">\r\n\r\n                                                                                                                                                            <div class=\"text-left-border\">\r\n                                                            <div class=\"text-cut\">\r\n                                                                                                                                    <span>Recherche de produits<\/span>\r\n                                                                \r\n\r\n                                                                                                                                    <h3 class=\"headline-two\">Trouver la bonne porte industrielle en quelques clics.<\/h3>                                                                \r\n\r\n                                                                <p class=\"normal-font full-text\"><\/p>\r\n\r\n                                                            <\/div>\r\n                                                            <div class=\"button-box\">\r\n                                                                                                                                \r\n                                                                                                                                                                                                                                                                                                                                                                <a class=\"load-more-button\" href=\"https:\/\/www.efaflex.ch\/fr\/portes-rapides\/recherche-de-produits\/\">En savoir plus<\/a>\r\n                                                                                                                                                                                                                                                                        <\/div>\r\n                                                        <\/div>\r\n                                                                                                    \r\n                                            <\/div>\r\n                                        <\/div>\r\n                                    <\/div>\r\n                                    <div class=\"flex-box-sixty bild-container\">\r\n                                                                                                                                                                                                                                                                                        <img decoding=\"async\" width=\"1000\" height=\"642\" src=\"https:\/\/www.efaflex.ch\/wp-content\/uploads\/sites\/5\/2020\/04\/Bau_Keyvisual_EFAFLEX_Voegele_143_komprimiert_1000x642px.png\" class=\"attachment-full size-full\" alt=\"\" srcset=\"https:\/\/www.efaflex.ch\/wp-content\/uploads\/sites\/5\/2020\/04\/Bau_Keyvisual_EFAFLEX_Voegele_143_komprimiert_1000x642px.png 1000w, https:\/\/www.efaflex.ch\/wp-content\/uploads\/sites\/5\/2020\/04\/Bau_Keyvisual_EFAFLEX_Voegele_143_komprimiert_1000x642px-300x193.png 300w, https:\/\/www.efaflex.ch\/wp-content\/uploads\/sites\/5\/2020\/04\/Bau_Keyvisual_EFAFLEX_Voegele_143_komprimiert_1000x642px-768x493.png 768w\" sizes=\"(max-width: 1000px) 100vw, 1000px\" \/>                                                                                                                                                                        <\/div>\r\n                                <\/div>\r\n                            <\/div>\r\n                                    \r\n            \r\n\r\n        \r\n\r\n\r\n        <\/div>\r\n<\/div>\r\n\r\n<style>\r\n    .bild-text-modul {\r\n        scroll-margin-top: 143px;\r\n    }\r\n<\/style>\n\n\n<div style=\"height:200px\" aria-hidden=\"true\" class=\"wp-block-spacer\"><\/div>\n\n\n\r\n\r\n<div id=\"bild-text-modul-rechts-zweizeilig-block_cee071ef2001528ddf13b5bbaf05b631\" class=\"bild-text-modul-zweizeilig-container\">\r\n            \r\n\r\n\r\n            \r\n                                    \r\n                            <div class=\"bild-text-modul-rechts-zweizeilig bild-text-modul-zweizeilig\">\r\n                                <div class=\"custom-flex-box-no-margin\">\r\n                                    <div class=\"flex-box-fifty-no-margin text-container\">\r\n                                        <div class=\"text-container-flex\">\r\n                                            <div class=\"text-inner\">\r\n\r\n                                                                                                                                                            <div class=\"text-left-border\">\r\n                                                            <div class=\"text-cut\">\r\n                                                                                                                                    <span>Service apr\u00e8s-vente<\/span>\r\n                                                                \r\n                                                                                                                                    <h3 class=\"headline-two medium-h2\">Nous d\u00e9finissions les niveaux de r\u00e9f\u00e9rence du service apr\u00e8s-vente.<\/h3>                                                                \r\n<!--                                                                <h2 class=\"medium-h2\">--><!--<\/h2>-->\r\n                                                                <p class=\"normal-font full-text\">Le client occupe chez nous une place centrale, c\u2019est pourquoi, en tant que prestataire de premier ordre, un bon service apr\u00e8s-vente est \u00e9vident pour nous une \u00e9vidence. Nos collaboratrices et collaborateurs du service apr\u00e8s-vente parfaitement form\u00e9s et nos techniciens de service dot\u00e9s des v\u00e9hicules de service les mieux \u00e9quip\u00e9s vous assistent de mani\u00e8re rapide, fiable et ax\u00e9e sur la r\u00e9solution des probl\u00e8mes. C\u2019est ainsi que nous \u00e9levons le niveau du service apr\u00e8s-vente.<\/p>\r\n                                                            <\/div>\r\n                                                            <div class=\"button-box\">\r\n                                                                                                                                                                                                    <a href=\"https:\/\/www.efaflex.ch\/fr\/service-apres-vente\/\" target=\"\" class=\"load-more-button\">\r\n                                                                        En savoir plus                                                                    <\/a>\r\n                                                                                                                            <\/div>\r\n                                                        <\/div>\r\n                                                                                                    \r\n                                            <\/div>\r\n                                        <\/div>\r\n                                    <\/div>\r\n                                    <div class=\"flex-box-fifty-no-margin bild-container\">\r\n                                                                                                                                                                                                                                                                                        <img decoding=\"async\" width=\"960\" height=\"720\" src=\"https:\/\/www.efaflex.ch\/wp-content\/uploads\/sites\/5\/2022\/07\/startseite_bild_rechts_2.jpg\" class=\"attachment-full size-full\" alt=\"\" srcset=\"https:\/\/www.efaflex.ch\/wp-content\/uploads\/sites\/5\/2022\/07\/startseite_bild_rechts_2.jpg 960w, https:\/\/www.efaflex.ch\/wp-content\/uploads\/sites\/5\/2022\/07\/startseite_bild_rechts_2-300x225.jpg 300w, https:\/\/www.efaflex.ch\/wp-content\/uploads\/sites\/5\/2022\/07\/startseite_bild_rechts_2-768x576.jpg 768w\" sizes=\"(max-width: 960px) 100vw, 960px\" \/>                                                                                                                                                                        <\/div>\r\n                                <\/div>\r\n                            <\/div>\r\n                                    \r\n            \r\n\r\n        \r\n\r\n\r\n    <\/div>\n\n\n<div style=\"height:200px\" aria-hidden=\"true\" class=\"wp-block-spacer\"><\/div>\n\n\n\r\n\r\n<div class=\"inner\">\r\n    <div class=\"messen-news-flex custom-flex-box\">\r\n        <div class=\"messen-block flex-box-fifty messen-news-block\">\r\n                            \r\n                    <div class=\"headline-area\">\r\n                        <h2 class=\"medium-h2\">Foires Portes industrielles<\/h2>\r\n                        <div class=\"button-box\">\r\n                                                                                        <a href=\"https:\/\/www.efaflex.ch\/fr\/foires-et-evenements\/\"\r\n                                   target=\"\"\r\n                                   class=\"load-more-button\">Vers toutes les foires<\/a>\r\n                                                    <\/div>\r\n                    <\/div>\r\n                    <div class=\"messen-area custom-flex-box\">\r\n                        \r\n                                                                            <div class=\"single-post flex-box-fifty\">\r\n                                <h3>Expo Alimentaria, San Jos\u00e9 (CR)<\/h3>\r\n                                <p class=\"messen-date\">\r\n                                    12.05.2026 &#8211; 14.05.2026                                <\/p>\r\n                                <div class=\"read-more\">\r\n                                                                                                                <a href=\"https:\/\/expoalimentaria.cr\/\" class=\"load-more-button\"\r\n                                           target=\"_blank\">\r\n                                            En savoir plus                                        <\/a>\r\n                                                                    <\/div>\r\n                            <\/div>\r\n                                                    <div class=\"single-post flex-box-fifty\">\r\n                                <h3>INTRALOGISTICS &amp; WAREHOUSING EXPO, Mumbai (IN)<\/h3>\r\n                                <p class=\"messen-date\">\r\n                                    14.05.2026 &#8211; 16.05.2026                                <\/p>\r\n                                <div class=\"read-more\">\r\n                                                                                                                <a href=\"https:\/\/iwexpo.in\/mumbai\/\" class=\"load-more-button\"\r\n                                           target=\"_blank\">\r\n                                            En savoir plus                                        <\/a>\r\n                                                                    <\/div>\r\n                            <\/div>\r\n                                                    <div class=\"single-post flex-box-fifty\">\r\n                                <h3>Parkex, CBS Arena, Coventry (UK)<\/h3>\r\n                                <p class=\"messen-date\">\r\n                                    20.05.2026 &#8211; 21.05.2026                                <\/p>\r\n                                <div class=\"read-more\">\r\n                                                                                                                <a href=\"https:\/\/www.parkex.net\/\" class=\"load-more-button\"\r\n                                           target=\"_blank\">\r\n                                            En savoir plus                                        <\/a>\r\n                                                                    <\/div>\r\n                            <\/div>\r\n                                                    <div class=\"single-post flex-box-fifty\">\r\n                                <h3>ITM INDUSTRY EUROPE, Poznan (PL)<\/h3>\r\n                                <p class=\"messen-date\">\r\n                                    26.05.2026 &#8211; 29.05.2026                                <\/p>\r\n                                <div class=\"read-more\">\r\n                                                                                                                <a href=\"https:\/\/itm-europe.pl\/en\" class=\"load-more-button\"\r\n                                           target=\"_blank\">\r\n                                            En savoir plus                                        <\/a>\r\n                                                                    <\/div>\r\n                            <\/div>\r\n                                            <\/div>\r\n                                    <\/div>\r\n        <div class=\"news-block flex-box-fifty messen-news-block\">\r\n                                                <div class=\"headline-area\">\r\n                        <h2 class=\"medium-h2\">Derni\u00e8res nouvelles<\/h2>\r\n                        <div class=\"button-box\">\r\n                                                                                        <a href=\"https:\/\/www.efaflex.ch\/fr\/blog\/\"\r\n                                   target=\"\"\r\n                                   class=\"load-more-button\">En savoir plus<\/a>\r\n                                                    <\/div>\r\n                    <\/div>\r\n                    <div class=\"news-area\">\r\n                                                                            \r\n                                <div class=\"single-post\">\r\n                                    <div class=\"content\">\r\n                                        <p>\u00c9conomies d&#8217;\u00e9nergie massives: comment les portes EFAFLEX rendent votre b\u00e2timent plus pr\u00e9cieux<\/p>\r\n                                    <\/div>\r\n                                    <p>16.07.2025<\/p>\r\n                                    <div class=\"read-more\">\r\n                                        <a href=\"https:\/\/www.efaflex.ch\/fr\/comment-la-next-generation-defaflex-revolutionne-le-marche-des-portes-2\/\"\r\n                                           class=\"load-more-button\">En savoir plus<\/a>\r\n                                    <\/div>\r\n                                <\/div>\r\n                            \r\n                                <div class=\"single-post\">\r\n                                    <div class=\"content\">\r\n                                        <p>Comment la Next Generation d&#8217;EFAFLEX r\u00e9volutionne le march\u00e9 des portes<\/p>\r\n                                    <\/div>\r\n                                    <p>01.07.2024<\/p>\r\n                                    <div class=\"read-more\">\r\n                                        <a href=\"https:\/\/www.efaflex.ch\/fr\/comment-la-next-generation-defaflex-revolutionne-le-marche-des-portes\/\"\r\n                                           class=\"load-more-button\">En savoir plus<\/a>\r\n                                    <\/div>\r\n                                <\/div>\r\n                                                                                                    <\/div>\r\n                                    <\/div>\r\n    <\/div>\r\n<\/div>\r\n\n\n\n<div style=\"height:200px\" aria-hidden=\"true\" class=\"wp-block-spacer\"><\/div>\n\n\n\r\n<div id=\"bild-text-modul-links-rechts-block_e2e7c1c9468f318b9a3f198ca6c1c8c0\" class=\"bild-text-modul-container\">\r\n    <div class=\"inner\">\r\n                        \r\n                                    \r\n                            <div id=\"\" class=\"bild-text-modul-rechts bild-text-modul\">\r\n                                <div class=\"custom-flex-box\">\r\n                                    <div class=\"flex-box-fourty text-container\">\r\n                                        <div class=\"text-container-flex\">\r\n                                            <div class=\"text-inner\">\r\n\r\n                                                                                                                                                            <div class=\"text-left-border\">\r\n                                                            <div class=\"text-cut\">\r\n                                                                                                                                    <span>Entreprise<\/span>\r\n                                                                \r\n\r\n                                                                                                                                    <h3 class=\"headline-two\">EFAFLEX : le leader mondial du march\u00e9 des portes industrielles rapides allemand.<\/h3>                                                                \r\n\r\n                                                                <p class=\"normal-font full-text\"><\/p>\r\n\r\n                                                            <\/div>\r\n                                                            <div class=\"button-box\">\r\n                                                                                                                                \r\n                                                                                                                                                                                                                                                                                                                                                                <a class=\"load-more-button\" href=\"https:\/\/www.efaflex.ch\/fr\/entreprise\/\">En savoir plus<\/a>\r\n                                                                                                                                                                                                                                                                        <\/div>\r\n                                                        <\/div>\r\n                                                                                                    \r\n                                            <\/div>\r\n                                        <\/div>\r\n                                    <\/div>\r\n                                    <div class=\"flex-box-sixty bild-container\">\r\n                                                                                                                                                                                                                                                                                        <img decoding=\"async\" width=\"923\" height=\"556\" src=\"https:\/\/www.efaflex.ch\/wp-content\/uploads\/sites\/5\/2022\/07\/Digitales_Tor_Tablet_A3-2.jpg\" class=\"attachment-full size-full\" alt=\"\" srcset=\"https:\/\/www.efaflex.ch\/wp-content\/uploads\/sites\/5\/2022\/07\/Digitales_Tor_Tablet_A3-2.jpg 923w, https:\/\/www.efaflex.ch\/wp-content\/uploads\/sites\/5\/2022\/07\/Digitales_Tor_Tablet_A3-2-300x181.jpg 300w, https:\/\/www.efaflex.ch\/wp-content\/uploads\/sites\/5\/2022\/07\/Digitales_Tor_Tablet_A3-2-768x463.jpg 768w\" sizes=\"(max-width: 923px) 100vw, 923px\" \/>                                                                                                                                                                        <\/div>\r\n                                <\/div>\r\n                            <\/div>\r\n                                    \r\n            \r\n\r\n        \r\n\r\n\r\n        <\/div>\r\n<\/div>\r\n\r\n<style>\r\n    .bild-text-modul {\r\n        scroll-margin-top: 143px;\r\n    }\r\n<\/style>\n\n\n<div style=\"height:200px\" aria-hidden=\"true\" class=\"wp-block-spacer\"><\/div>\n\n\n\r\n<div id=\"bild-text-modul-links-rechts-block_a59948bfb44e015586e87fe6119b8b10\" class=\"bild-text-modul-container\">\r\n    <div class=\"inner\">\r\n                                                                                        <div id=\"\" class=\"bild-text-modul-links bild-text-modul\">\r\n                                <div class=\"custom-flex-box\">\r\n                                    <div class=\"flex-box-sixty bild-container\">\r\n                                                                                                                                                                                                                                                                                        <img decoding=\"async\" width=\"959\" height=\"720\" src=\"https:\/\/www.efaflex.ch\/wp-content\/uploads\/sites\/5\/2022\/07\/startseite_bild_links_2.jpg\" class=\"attachment-full size-full\" alt=\"\" srcset=\"https:\/\/www.efaflex.ch\/wp-content\/uploads\/sites\/5\/2022\/07\/startseite_bild_links_2.jpg 959w, https:\/\/www.efaflex.ch\/wp-content\/uploads\/sites\/5\/2022\/07\/startseite_bild_links_2-300x225.jpg 300w, https:\/\/www.efaflex.ch\/wp-content\/uploads\/sites\/5\/2022\/07\/startseite_bild_links_2-768x577.jpg 768w\" sizes=\"(max-width: 959px) 100vw, 959px\" \/>                                                                                                                                                                        <\/div>\r\n\r\n                                    <div class=\"flex-box-fourty text-container\">\r\n                                        <div class=\"text-container-flex\">\r\n                                            <div class=\"text-inner\">\r\n                                                                                                                                                            <div class=\"text-left-border\">\r\n                                                            <div class=\"text-cut\">\r\n                                                                                                                                    <span>Carri\u00e8re<\/span>\r\n                                                                 \r\n\r\n                                                                                                                                          <h4 class=\"headline-two\">EFAFLEX en tant qu&#8217;employeur.<\/h4>                                                                   \r\n\r\n                                                                <p class=\"normal-font\"><p>Notre succ\u00e8s a de nombreux visages : nos collaborateurs.<\/p>\n<p>Rejoignez notre \u00e9quipe : pour une formation, pour d\u00e9buter votre carri\u00e8re pendant ou apr\u00e8s vos \u00e9tudes ou avec une exp\u00e9rience professionnelle &#8211; nous nous r\u00e9jouissons de vous accueillir !<\/p>\n<\/p>\r\n                                                            <\/div>\r\n                                                            <div class=\"button-box\">\r\n                                                                                                                                                                                                                                                                                                                                                              <a class=\"load-more-button\" href=\"https:\/\/www.efaflex.ch\/fr\/carriere\/\">En savoir plus<\/a>\r\n                                                                                                                                                                                                                                                                        <\/div>\r\n                                                        <\/div>\r\n                                                                                                                                                <\/div>\r\n                                        <\/div>\r\n                                    <\/div>\r\n                                <\/div>\r\n                            <\/div>\r\n\r\n                                    \r\n            \r\n\r\n        \r\n\r\n\r\n        <\/div>\r\n<\/div>\r\n\r\n<style>\r\n    .bild-text-modul {\r\n        scroll-margin-top: 143px;\r\n    }\r\n<\/style>\n\n\n<div style=\"height:200px\" aria-hidden=\"true\" class=\"wp-block-spacer\"><\/div>\n\n\n<div class=\"inner\">\r\n    <div id=\"bild-text-modul-1-3-block_7e048011d1e23933bf14e6896354cd48\" class=\"themen-container custom-flex-box\">\r\n                                    <div class=\"thema-box flex-box-thirty\">\r\n                                            <div class=\"bild-box\">\r\n                                                                                                                    <img decoding=\"async\" width=\"1246\" height=\"966\" src=\"https:\/\/www.efaflex.ch\/wp-content\/uploads\/sites\/5\/2025\/11\/schnelllauftore-produkte-industrietore-efaflex.jpg\" class=\"attachment-thementease-thumbnail size-thementease-thumbnail\" alt=\"\" srcset=\"https:\/\/www.efaflex.ch\/wp-content\/uploads\/sites\/5\/2025\/11\/schnelllauftore-produkte-industrietore-efaflex.jpg 1246w, https:\/\/www.efaflex.ch\/wp-content\/uploads\/sites\/5\/2025\/11\/schnelllauftore-produkte-industrietore-efaflex-300x233.jpg 300w, https:\/\/www.efaflex.ch\/wp-content\/uploads\/sites\/5\/2025\/11\/schnelllauftore-produkte-industrietore-efaflex-768x595.jpg 768w, https:\/\/www.efaflex.ch\/wp-content\/uploads\/sites\/5\/2025\/11\/schnelllauftore-produkte-industrietore-efaflex-1024x794.jpg 1024w\" sizes=\"(max-width: 1246px) 100vw, 1246px\" \/>                                                    <\/div>\r\n                                            \r\n                                                                <h2 class=\"headline-two\">\r\n                                                        Produits                        <\/h2>\r\n                    \r\n                        <p class=\"normal-font\">Nos portes haut de gamme sont rapides et efficaces, s\u00fbres et fiables. Gr\u00e2ce \u00e0 notre d\u00e9partement recherche et d\u00e9veloppement, nous sommes en mesure de trouver la solution parfaite pour r\u00e9pondre aux besoins des clients et de la concr\u00e9tiser.<\/p>\r\n                                                                                                                                                                                                        <a href=\"https:\/\/www.efaflex.ch\/fr\/produits\/\" class=\"load-more-button\">En savoir plus<\/a>\r\n                                                                                                                                    <\/div>\r\n                            <div class=\"thema-box flex-box-thirty\">\r\n                                            <div class=\"bild-box\">\r\n                                                                                                                    <img decoding=\"async\" width=\"1032\" height=\"612\" src=\"https:\/\/www.efaflex.ch\/wp-content\/uploads\/sites\/5\/2022\/06\/modernste-industrietore-loesungen-quicklink-efaflex.jpg\" class=\"attachment-thementease-thumbnail size-thementease-thumbnail\" alt=\"\" srcset=\"https:\/\/www.efaflex.ch\/wp-content\/uploads\/sites\/5\/2022\/06\/modernste-industrietore-loesungen-quicklink-efaflex.jpg 1032w, https:\/\/www.efaflex.ch\/wp-content\/uploads\/sites\/5\/2022\/06\/modernste-industrietore-loesungen-quicklink-efaflex-300x178.jpg 300w, https:\/\/www.efaflex.ch\/wp-content\/uploads\/sites\/5\/2022\/06\/modernste-industrietore-loesungen-quicklink-efaflex-1024x607.jpg 1024w, https:\/\/www.efaflex.ch\/wp-content\/uploads\/sites\/5\/2022\/06\/modernste-industrietore-loesungen-quicklink-efaflex-768x455.jpg 768w, https:\/\/www.efaflex.ch\/wp-content\/uploads\/sites\/5\/2022\/06\/modernste-industrietore-loesungen-quicklink-efaflex-517x306.jpg 517w\" sizes=\"(max-width: 1032px) 100vw, 1032px\" \/>                                                    <\/div>\r\n                                            \r\n                                                                <h2 class=\"headline-two\">\r\n                                                        Solutions                        <\/h2>\r\n                    \r\n                        <p class=\"normal-font\">Nous ne fabriquons pas de produits standards, mais d\u00e9veloppons des solutions individuelles parfaitement adapt\u00e9e \u00e0 chaque d\u00e9fi pour tous les secteurs et domaines d\u2019application et pour nos clients du monde entier.<\/p>\r\n                                                                                                                                                                                                        <a href=\"https:\/\/www.efaflex.ch\/fr\/solutions\/\" class=\"load-more-button\">En savoir plus<\/a>\r\n                                                                                                                                    <\/div>\r\n                            <div class=\"thema-box flex-box-thirty\">\r\n                                            <div class=\"bild-box\">\r\n                                                                                                                    <img decoding=\"async\" width=\"517\" height=\"306\" src=\"https:\/\/www.efaflex.ch\/wp-content\/uploads\/sites\/5\/2022\/07\/Rectangle-441.jpg\" class=\"attachment-thementease-thumbnail size-thementease-thumbnail\" alt=\"\" srcset=\"https:\/\/www.efaflex.ch\/wp-content\/uploads\/sites\/5\/2022\/07\/Rectangle-441.jpg 517w, https:\/\/www.efaflex.ch\/wp-content\/uploads\/sites\/5\/2022\/07\/Rectangle-441-300x178.jpg 300w\" sizes=\"(max-width: 517px) 100vw, 517px\" \/>                                                    <\/div>\r\n                                            \r\n                                                                <h2 class=\"headline-two\">\r\n                                                        BIM                        <\/h2>\r\n                    \r\n                        <p class=\"normal-font\">Nous utilisons BIMobject\u00ae, la plateforme BIM leader. Cela vous permet une vision compl\u00e8te pour assurer la qualit\u00e9, la rentabilit\u00e9 et le contr\u00f4le des co\u00fbts d\u2019exploitation totaux.<\/p>\r\n                                                                                                                                                                                                        <a href=\"https:\/\/www.efaflex.ch\/fr\/service-apres-vente\/bim-demonstrateur-bimobject\/\" class=\"load-more-button\">En savoir plus<\/a>\r\n                                                                                                                                    <\/div>\r\n                        <\/div>\r\n<\/div>\r\n\n\n\n<div style=\"height:100px\" aria-hidden=\"true\" class=\"wp-block-spacer\"><\/div>\n","protected":false},"excerpt":{"rendered":"","protected":false},"author":2,"featured_media":0,"parent":0,"menu_order":3,"comment_status":"closed","ping_status":"closed","template":"","meta":{"_acf_changed":false,"footnotes":""},"class_list":["post-12769","page","type-page","status-publish","hentry"],"acf":[],"_links":{"self":[{"href":"https:\/\/www.efaflex.ch\/fr\/wp-json\/wp\/v2\/pages\/12769","targetHints":{"allow":["GET"]}}],"collection":[{"href":"https:\/\/www.efaflex.ch\/fr\/wp-json\/wp\/v2\/pages"}],"about":[{"href":"https:\/\/www.efaflex.ch\/fr\/wp-json\/wp\/v2\/types\/page"}],"author":[{"embeddable":true,"href":"https:\/\/www.efaflex.ch\/fr\/wp-json\/wp\/v2\/users\/2"}],"replies":[{"embeddable":true,"href":"https:\/\/www.efaflex.ch\/fr\/wp-json\/wp\/v2\/comments?post=12769"}],"version-history":[{"count":52,"href":"https:\/\/www.efaflex.ch\/fr\/wp-json\/wp\/v2\/pages\/12769\/revisions"}],"predecessor-version":[{"id":20461,"href":"https:\/\/www.efaflex.ch\/fr\/wp-json\/wp\/v2\/pages\/12769\/revisions\/20461"}],"wp:attachment":[{"href":"https:\/\/www.efaflex.ch\/fr\/wp-json\/wp\/v2\/media?parent=12769"}],"curies":[{"name":"wp","href":"https:\/\/api.w.org\/{rel}","templated":true}]}}