{"id":15719,"date":"2023-07-19T09:06:28","date_gmt":"2023-07-19T07:06:28","guid":{"rendered":"https:\/\/www.efaflex.ch\/?page_id=15719"},"modified":"2026-04-14T09:42:52","modified_gmt":"2026-04-14T07:42:52","slug":"service-architecture","status":"publish","type":"page","link":"https:\/\/www.efaflex.ch\/fr\/espace-de-telechargement\/service-architecture\/","title":{"rendered":"Service architecture"},"content":{"rendered":"\r\n<script type=\"application\/javascript\">\r\n    window.addEventListener('DOMContentLoaded', function() {\r\n        jQuery(document).ready(function($){\r\n            var sliderid = \"block_6aa0afdfe64dbe2d78d85053ba7eb632\";\r\n            $('#'+sliderid).slick({\r\n                infinite: true,\r\n                dots: false,\r\n                lazyLoad: 'ondemand',\r\n                autoplay: true,\r\n                autoplaySpeed: 5000,\r\n                pauseOnFocus: true,\r\n                arrows: false,\r\n                fade: false,\r\n                speed: 1500,\r\n                pauseOnHover: false,\r\n                prevArrow: '<div class=\"slick-prev slick-button\"><svg xmlns=\"http:\/\/www.w3.org\/2000\/svg\" viewBox=\"0 0 448 512\"><!--! Font Awesome Pro 6.1.1 by @fontawesome - https:\/\/fontawesome.com License - https:\/\/fontawesome.com\/license (Commercial License) Copyright 2022 Fonticons, Inc. --><path d=\"M77.25 256l137.4-137.4c12.5-12.5 12.5-32.75 0-45.25s-32.75-12.5-45.25 0l-160 160c-12.5 12.5-12.5 32.75 0 45.25l160 160C175.6 444.9 183.8 448 192 448s16.38-3.125 22.62-9.375c12.5-12.5 12.5-32.75 0-45.25L77.25 256zM269.3 256l137.4-137.4c12.5-12.5 12.5-32.75 0-45.25s-32.75-12.5-45.25 0l-160 160c-12.5 12.5-12.5 32.75 0 45.25l160 160C367.6 444.9 375.8 448 384 448s16.38-3.125 22.62-9.375c12.5-12.5 12.5-32.75 0-45.25L269.3 256z\"\/><\/svg><\/div>',\r\n                nextArrow: '<div class=\"slick-next slick-button\"><svg xmlns=\"http:\/\/www.w3.org\/2000\/svg\" viewBox=\"0 0 448 512\"><!--! Font Awesome Pro 6.1.1 by @fontawesome - https:\/\/fontawesome.com License - https:\/\/fontawesome.com\/license (Commercial License) Copyright 2022 Fonticons, Inc. --><path fill=\"ff0000\" style=\"height: 22px\" d=\"M246.6 233.4l-160-160c-12.5-12.5-32.75-12.5-45.25 0s-12.5 32.75 0 45.25L178.8 256l-137.4 137.4c-12.5 12.5-12.5 32.75 0 45.25C47.63 444.9 55.81 448 64 448s16.38-3.125 22.62-9.375l160-160C259.1 266.1 259.1 245.9 246.6 233.4zM438.6 233.4l-160-160c-12.5-12.5-32.75-12.5-45.25 0s-12.5 32.75 0 45.25L370.8 256l-137.4 137.4c-12.5 12.5-12.5 32.75 0 45.25C239.6 444.9 247.8 448 256 448s16.38-3.125 22.62-9.375l160-160C451.1 266.1 451.1 245.9 438.6 233.4z\"\/><\/svg><\/div>',\r\n            });\r\n        });\r\n    });\r\n<\/script>\r\n\r\n<div id=\"block_6aa0afdfe64dbe2d78d85053ba7eb632\" class=\"bild-video-slider-fullwidth\">\r\n                        <div class=\"bild-video-slider-fullwidth--slide img-vid-box\">\r\n                                                                                                    <img decoding=\"async\" width=\"1920\" height=\"966\" src=\"https:\/\/www.efaflex.ch\/wp-content\/uploads\/sites\/5\/2023\/07\/EFX081618_BAU_2019_Key_Visual_techZeichnung-1920x966.jpg\" class=\"attachment-bild-fullsize-width size-bild-fullsize-width\" alt=\"\" \/>                    \r\n                                                <\/div>\r\n            <\/div>\n\n\r\n\r\n<div id=\"breadcrump-block_55dcb66c6befc897e9fdc196d37ef7a0\" class=\"inner\">\r\n        <nav class=\"breadcrumb\"><a href=\"https:\/\/www.efaflex.ch\/fr\/\">Page d&#8217;accueil<\/a> \/ <span class=\"current-page\">Page<\/span><\/nav>    <\/div>\n\n\n<div style=\"height:100px\" aria-hidden=\"true\" class=\"wp-block-spacer\"><\/div>\n\n\n\r\n\r\n<div id=\"textmodul-3-spalten-block_4f934b2f001c7f366f9358d1a38ccc14\" class=\"textmodul-3-spalten\">\r\n    <div class=\"inner\">\r\n        <div class=\"custom-flex-box\">\r\n                            <h1 class=\"flex-box-thirty break headline-two\">Service architecture.<\/h1>                        <div class=\"flex-box-thirty\"><p>Nous mettons \u00e0 votre disposition tous les documents importants dans notre zone de t\u00e9l\u00e9chargement pour les architectes et les planificateurs.<\/p>\n<\/div>\r\n            <div class=\"flex-box-thirty\"><\/div>\r\n        <\/div>\r\n    <\/div>\r\n<\/div>\r\n\n\n\n<div style=\"height:100px\" aria-hidden=\"true\" class=\"wp-block-spacer\"><\/div>\n\n\n\n<div style=\"height:100px\" aria-hidden=\"true\" class=\"wp-block-spacer\"><\/div>\n\n\n<div class=\"inner\">\r\n    <div id=\"bild-text-modul-1-3-block_ce922f87020f36998bc4b96e5ffbe5b8\" class=\"themen-container custom-flex-box\">\r\n                                    <div class=\"thema-box flex-box-thirty\">\r\n                                            <div class=\"bild-box\">\r\n                                                                                                                    <img decoding=\"async\" width=\"1920\" height=\"1280\" src=\"https:\/\/www.efaflex.ch\/wp-content\/uploads\/sites\/5\/2024\/04\/EFX-2402BB-Plattformtor-9744-RGB-A01_edit.jpg\" class=\"attachment-thementease-thumbnail size-thementease-thumbnail\" alt=\"\" srcset=\"https:\/\/www.efaflex.ch\/wp-content\/uploads\/sites\/5\/2024\/04\/EFX-2402BB-Plattformtor-9744-RGB-A01_edit.jpg 1920w, https:\/\/www.efaflex.ch\/wp-content\/uploads\/sites\/5\/2024\/04\/EFX-2402BB-Plattformtor-9744-RGB-A01_edit-300x200.jpg 300w, https:\/\/www.efaflex.ch\/wp-content\/uploads\/sites\/5\/2024\/04\/EFX-2402BB-Plattformtor-9744-RGB-A01_edit-768x512.jpg 768w, https:\/\/www.efaflex.ch\/wp-content\/uploads\/sites\/5\/2024\/04\/EFX-2402BB-Plattformtor-9744-RGB-A01_edit-1024x683.jpg 1024w, https:\/\/www.efaflex.ch\/wp-content\/uploads\/sites\/5\/2024\/04\/EFX-2402BB-Plattformtor-9744-RGB-A01_edit-1536x1024.jpg 1536w, https:\/\/www.efaflex.ch\/wp-content\/uploads\/sites\/5\/2024\/04\/EFX-2402BB-Plattformtor-9744-RGB-A01_edit-382x254.jpg 382w\" sizes=\"(max-width: 1920px) 100vw, 1920px\" \/>                                                    <\/div>\r\n                                            \r\n                                                                <h2 class=\"headline-two\">\r\n                                                        Next Generation                        <\/h2>\r\n                    \r\n                        <p class=\"normal-font\"><\/p>\r\n                                                                                                                                                                                                    \r\n                                      <a href=\"https:\/\/www.efaflex.ch\/wp-content\/uploads\/sites\/5\/2026\/03\/Next-Generation-fr.zip\" class=\"load-more-button\">\r\n                                          T\u00e9l\u00e9charger le ZIP                                      <\/a>\r\n\r\n                                    \r\n                                                                                                    <\/div>\r\n                            <div class=\"thema-box flex-box-thirty\">\r\n                                            <div class=\"bild-box\">\r\n                                                                                                                    <img decoding=\"async\" width=\"1920\" height=\"1280\" src=\"https:\/\/www.efaflex.ch\/wp-content\/uploads\/sites\/5\/2022\/07\/titelbild-serie-s-schnelllauf-spiraltore.jpg\" class=\"attachment-thementease-thumbnail size-thementease-thumbnail\" alt=\"\" srcset=\"https:\/\/www.efaflex.ch\/wp-content\/uploads\/sites\/5\/2022\/07\/titelbild-serie-s-schnelllauf-spiraltore.jpg 1920w, https:\/\/www.efaflex.ch\/wp-content\/uploads\/sites\/5\/2022\/07\/titelbild-serie-s-schnelllauf-spiraltore-300x200.jpg 300w, https:\/\/www.efaflex.ch\/wp-content\/uploads\/sites\/5\/2022\/07\/titelbild-serie-s-schnelllauf-spiraltore-1024x683.jpg 1024w, https:\/\/www.efaflex.ch\/wp-content\/uploads\/sites\/5\/2022\/07\/titelbild-serie-s-schnelllauf-spiraltore-768x512.jpg 768w, https:\/\/www.efaflex.ch\/wp-content\/uploads\/sites\/5\/2022\/07\/titelbild-serie-s-schnelllauf-spiraltore-1536x1024.jpg 1536w, https:\/\/www.efaflex.ch\/wp-content\/uploads\/sites\/5\/2022\/07\/titelbild-serie-s-schnelllauf-spiraltore-382x254.jpg 382w\" sizes=\"(max-width: 1920px) 100vw, 1920px\" \/>                                                    <\/div>\r\n                                            \r\n                                                                <h2 class=\"headline-two\">\r\n                                                        S\u00e9rie S &#8211; Portes rapides \u00e0 spirale                        <\/h2>\r\n                    \r\n                        <p class=\"normal-font\"><\/p>\r\n                                                                                                                                                                                                    \r\n                                      <a href=\"https:\/\/www.efaflex.ch\/wp-content\/uploads\/sites\/5\/2026\/03\/Serie-S-fr.zip\" class=\"load-more-button\">\r\n                                          T\u00e9l\u00e9charger le ZIP                                      <\/a>\r\n\r\n                                    \r\n                                                                                                    <\/div>\r\n                            <div class=\"thema-box flex-box-thirty\">\r\n                                            <div class=\"bild-box\">\r\n                                                                                                                    <img decoding=\"async\" width=\"999\" height=\"666\" src=\"https:\/\/www.efaflex.ch\/wp-content\/uploads\/sites\/5\/2022\/07\/titelbild-serie-r-schnelllauf-rolltore.jpg\" class=\"attachment-thementease-thumbnail size-thementease-thumbnail\" alt=\"\" srcset=\"https:\/\/www.efaflex.ch\/wp-content\/uploads\/sites\/5\/2022\/07\/titelbild-serie-r-schnelllauf-rolltore.jpg 999w, https:\/\/www.efaflex.ch\/wp-content\/uploads\/sites\/5\/2022\/07\/titelbild-serie-r-schnelllauf-rolltore-300x200.jpg 300w, https:\/\/www.efaflex.ch\/wp-content\/uploads\/sites\/5\/2022\/07\/titelbild-serie-r-schnelllauf-rolltore-768x512.jpg 768w, https:\/\/www.efaflex.ch\/wp-content\/uploads\/sites\/5\/2022\/07\/titelbild-serie-r-schnelllauf-rolltore-382x254.jpg 382w\" sizes=\"(max-width: 999px) 100vw, 999px\" \/>                                                    <\/div>\r\n                                            \r\n                                                                <h2 class=\"headline-two\">\r\n                                                        S\u00e9rie R &#8211; Portes rapides \u00e0 enroulement                        <\/h2>\r\n                    \r\n                        <p class=\"normal-font\"><\/p>\r\n                                                                                                                                                                                                    \r\n                                      <a href=\"https:\/\/www.efaflex.ch\/wp-content\/uploads\/sites\/5\/2026\/03\/Serie-R-fr.zip\" class=\"load-more-button\">\r\n                                          T\u00e9l\u00e9charger le ZIP                                      <\/a>\r\n\r\n                                    \r\n                                                                                                    <\/div>\r\n                            <div class=\"thema-box flex-box-thirty\">\r\n                                            <div class=\"bild-box\">\r\n                                                                                                                    <img decoding=\"async\" width=\"1920\" height=\"1645\" src=\"https:\/\/www.efaflex.ch\/wp-content\/uploads\/sites\/5\/2022\/07\/titelbild-serie-cr-spezialtore-reinraum.jpg\" class=\"attachment-thementease-thumbnail size-thementease-thumbnail\" alt=\"\" srcset=\"https:\/\/www.efaflex.ch\/wp-content\/uploads\/sites\/5\/2022\/07\/titelbild-serie-cr-spezialtore-reinraum.jpg 1920w, https:\/\/www.efaflex.ch\/wp-content\/uploads\/sites\/5\/2022\/07\/titelbild-serie-cr-spezialtore-reinraum-300x257.jpg 300w, https:\/\/www.efaflex.ch\/wp-content\/uploads\/sites\/5\/2022\/07\/titelbild-serie-cr-spezialtore-reinraum-1024x877.jpg 1024w, https:\/\/www.efaflex.ch\/wp-content\/uploads\/sites\/5\/2022\/07\/titelbild-serie-cr-spezialtore-reinraum-768x658.jpg 768w, https:\/\/www.efaflex.ch\/wp-content\/uploads\/sites\/5\/2022\/07\/titelbild-serie-cr-spezialtore-reinraum-1536x1316.jpg 1536w\" sizes=\"(max-width: 1920px) 100vw, 1920px\" \/>                                                    <\/div>\r\n                                            \r\n                                                                <h2 class=\"headline-two\">\r\n                                                        S\u00e9rie CR &#8211; Portes sp\u00e9ciales pour salle blanche                        <\/h2>\r\n                    \r\n                        <p class=\"normal-font\"><\/p>\r\n                                                                                                                                                                                                    \r\n                                      <a href=\"https:\/\/www.efaflex.ch\/wp-content\/uploads\/sites\/5\/2026\/03\/Serie-CR-fr.zip\" class=\"load-more-button\">\r\n                                          T\u00e9l\u00e9charger le ZIP                                      <\/a>\r\n\r\n                                    \r\n                                                                                                    <\/div>\r\n                            <div class=\"thema-box flex-box-thirty\">\r\n                                            <div class=\"bild-box\">\r\n                                                                                                                    <img decoding=\"async\" width=\"1920\" height=\"1304\" src=\"https:\/\/www.efaflex.ch\/wp-content\/uploads\/sites\/5\/2022\/07\/titelbild-serie-ex-schnelllauf-spiraltore-explosionsgefaehrdete-bereiche.jpg\" class=\"attachment-thementease-thumbnail size-thementease-thumbnail\" alt=\"\" srcset=\"https:\/\/www.efaflex.ch\/wp-content\/uploads\/sites\/5\/2022\/07\/titelbild-serie-ex-schnelllauf-spiraltore-explosionsgefaehrdete-bereiche.jpg 1920w, https:\/\/www.efaflex.ch\/wp-content\/uploads\/sites\/5\/2022\/07\/titelbild-serie-ex-schnelllauf-spiraltore-explosionsgefaehrdete-bereiche-300x204.jpg 300w, https:\/\/www.efaflex.ch\/wp-content\/uploads\/sites\/5\/2022\/07\/titelbild-serie-ex-schnelllauf-spiraltore-explosionsgefaehrdete-bereiche-1024x695.jpg 1024w, https:\/\/www.efaflex.ch\/wp-content\/uploads\/sites\/5\/2022\/07\/titelbild-serie-ex-schnelllauf-spiraltore-explosionsgefaehrdete-bereiche-768x522.jpg 768w, https:\/\/www.efaflex.ch\/wp-content\/uploads\/sites\/5\/2022\/07\/titelbild-serie-ex-schnelllauf-spiraltore-explosionsgefaehrdete-bereiche-1536x1043.jpg 1536w\" sizes=\"(max-width: 1920px) 100vw, 1920px\" \/>                                                    <\/div>\r\n                                            \r\n                                                                <h2 class=\"headline-two\">\r\n                                                        S\u00e9rie EX \u2013 Portes anti-d\u00e9flagrantes                        <\/h2>\r\n                    \r\n                        <p class=\"normal-font\"><\/p>\r\n                                                                                                                                                                                                    \r\n                                      <a href=\"https:\/\/www.efaflex.ch\/wp-content\/uploads\/sites\/5\/2026\/03\/Serie-EX-fr.zip\" class=\"load-more-button\">\r\n                                          T\u00e9l\u00e9charger le ZIP                                      <\/a>\r\n\r\n                                    \r\n                                                                                                    <\/div>\r\n                            <div class=\"thema-box flex-box-thirty\">\r\n                                            <div class=\"bild-box\">\r\n                                                                                                                    <img decoding=\"async\" width=\"1920\" height=\"1350\" src=\"https:\/\/www.efaflex.ch\/wp-content\/uploads\/sites\/5\/2022\/07\/titelbild-serie-ms-maschinenschutztore.jpg\" class=\"attachment-thementease-thumbnail size-thementease-thumbnail\" alt=\"\" srcset=\"https:\/\/www.efaflex.ch\/wp-content\/uploads\/sites\/5\/2022\/07\/titelbild-serie-ms-maschinenschutztore.jpg 1920w, https:\/\/www.efaflex.ch\/wp-content\/uploads\/sites\/5\/2022\/07\/titelbild-serie-ms-maschinenschutztore-300x211.jpg 300w, https:\/\/www.efaflex.ch\/wp-content\/uploads\/sites\/5\/2022\/07\/titelbild-serie-ms-maschinenschutztore-1024x720.jpg 1024w, https:\/\/www.efaflex.ch\/wp-content\/uploads\/sites\/5\/2022\/07\/titelbild-serie-ms-maschinenschutztore-768x540.jpg 768w, https:\/\/www.efaflex.ch\/wp-content\/uploads\/sites\/5\/2022\/07\/titelbild-serie-ms-maschinenschutztore-1536x1080.jpg 1536w\" sizes=\"(max-width: 1920px) 100vw, 1920px\" \/>                                                    <\/div>\r\n                                            \r\n                                                                <h2 class=\"headline-two\">\r\n                                                        S\u00e9rie MS &#8211; Les portes de protection pour machines                        <\/h2>\r\n                    \r\n                        <p class=\"normal-font\"><\/p>\r\n                                                                                                                                                                                                    \r\n                                      <a href=\"https:\/\/www.efaflex.ch\/wp-content\/uploads\/sites\/5\/2026\/03\/Serie-MS-fr.zip\" class=\"load-more-button\">\r\n                                          T\u00e9l\u00e9charger le ZIP                                      <\/a>\r\n\r\n                                    \r\n                                                                                                    <\/div>\r\n                            <div class=\"thema-box flex-box-thirty\">\r\n                                            <div class=\"bild-box\">\r\n                                                                                                                    <img decoding=\"async\" width=\"1920\" height=\"1313\" src=\"https:\/\/www.efaflex.ch\/wp-content\/uploads\/sites\/5\/2023\/02\/efaflex-efa-sst-efficient-34.jpg\" class=\"attachment-thementease-thumbnail size-thementease-thumbnail\" alt=\"\" srcset=\"https:\/\/www.efaflex.ch\/wp-content\/uploads\/sites\/5\/2023\/02\/efaflex-efa-sst-efficient-34.jpg 1920w, https:\/\/www.efaflex.ch\/wp-content\/uploads\/sites\/5\/2023\/02\/efaflex-efa-sst-efficient-34-300x205.jpg 300w, https:\/\/www.efaflex.ch\/wp-content\/uploads\/sites\/5\/2023\/02\/efaflex-efa-sst-efficient-34-1024x700.jpg 1024w, https:\/\/www.efaflex.ch\/wp-content\/uploads\/sites\/5\/2023\/02\/efaflex-efa-sst-efficient-34-768x525.jpg 768w, https:\/\/www.efaflex.ch\/wp-content\/uploads\/sites\/5\/2023\/02\/efaflex-efa-sst-efficient-34-1536x1050.jpg 1536w\" sizes=\"(max-width: 1920px) 100vw, 1920px\" \/>                                                    <\/div>\r\n                                            \r\n                                                                <h2 class=\"headline-two\">\r\n                                                        S\u00e9rie EFAPROTECT &#8211; Portes de s\u00e9curit\u00e9                        <\/h2>\r\n                    \r\n                        <p class=\"normal-font\"><\/p>\r\n                                                                                                                                                                                                    \r\n                                      <a href=\"https:\/\/www.efaflex.ch\/wp-content\/uploads\/sites\/5\/2026\/03\/Serie-EFAPROTECT-fr.zip\" class=\"load-more-button\">\r\n                                          T\u00e9l\u00e9charger le ZIP                                      <\/a>\r\n\r\n                                    \r\n                                                                                                    <\/div>\r\n                            <div class=\"thema-box flex-box-thirty\">\r\n                                            <div class=\"bild-box\">\r\n                                                                                                                    <img decoding=\"async\" width=\"1920\" height=\"1280\" src=\"https:\/\/www.efaflex.ch\/wp-content\/uploads\/sites\/5\/2022\/07\/titelbild-serie-mtl-schnelllauftore-material-transport-logistik.jpg\" class=\"attachment-thementease-thumbnail size-thementease-thumbnail\" alt=\"\" srcset=\"https:\/\/www.efaflex.ch\/wp-content\/uploads\/sites\/5\/2022\/07\/titelbild-serie-mtl-schnelllauftore-material-transport-logistik.jpg 1920w, https:\/\/www.efaflex.ch\/wp-content\/uploads\/sites\/5\/2022\/07\/titelbild-serie-mtl-schnelllauftore-material-transport-logistik-300x200.jpg 300w, https:\/\/www.efaflex.ch\/wp-content\/uploads\/sites\/5\/2022\/07\/titelbild-serie-mtl-schnelllauftore-material-transport-logistik-1024x683.jpg 1024w, https:\/\/www.efaflex.ch\/wp-content\/uploads\/sites\/5\/2022\/07\/titelbild-serie-mtl-schnelllauftore-material-transport-logistik-768x512.jpg 768w, https:\/\/www.efaflex.ch\/wp-content\/uploads\/sites\/5\/2022\/07\/titelbild-serie-mtl-schnelllauftore-material-transport-logistik-1536x1024.jpg 1536w, https:\/\/www.efaflex.ch\/wp-content\/uploads\/sites\/5\/2022\/07\/titelbild-serie-mtl-schnelllauftore-material-transport-logistik-382x254.jpg 382w\" sizes=\"(max-width: 1920px) 100vw, 1920px\" \/>                                                    <\/div>\r\n                                            \r\n                                                                <h2 class=\"headline-two\">\r\n                                                        S\u00e9rie MTL &#8211; Les portes rapides pour Mat\u00e9riau-Transport-Logistique                        <\/h2>\r\n                    \r\n                        <p class=\"normal-font\"><\/p>\r\n                                                                                                                                                                                                    \r\n                                      <a href=\"https:\/\/www.efaflex.ch\/wp-content\/uploads\/sites\/5\/2026\/03\/Serie-MTL-fr.zip\" class=\"load-more-button\">\r\n                                          T\u00e9l\u00e9charger le ZIP                                      <\/a>\r\n\r\n                                    \r\n                                                                                                    <\/div>\r\n                            <div class=\"thema-box flex-box-thirty\">\r\n                                            <div class=\"bild-box\">\r\n                                                                                                                    <img decoding=\"async\" width=\"1246\" height=\"966\" src=\"https:\/\/www.efaflex.ch\/wp-content\/uploads\/sites\/5\/2022\/06\/serie-s-spiraltor-innenansicht-halboffen-efa-sst-tk-100-header-efaflex.jpg\" class=\"attachment-thementease-thumbnail size-thementease-thumbnail\" alt=\"\" srcset=\"https:\/\/www.efaflex.ch\/wp-content\/uploads\/sites\/5\/2022\/06\/serie-s-spiraltor-innenansicht-halboffen-efa-sst-tk-100-header-efaflex.jpg 1246w, https:\/\/www.efaflex.ch\/wp-content\/uploads\/sites\/5\/2022\/06\/serie-s-spiraltor-innenansicht-halboffen-efa-sst-tk-100-header-efaflex-300x233.jpg 300w, https:\/\/www.efaflex.ch\/wp-content\/uploads\/sites\/5\/2022\/06\/serie-s-spiraltor-innenansicht-halboffen-efa-sst-tk-100-header-efaflex-1024x794.jpg 1024w, https:\/\/www.efaflex.ch\/wp-content\/uploads\/sites\/5\/2022\/06\/serie-s-spiraltor-innenansicht-halboffen-efa-sst-tk-100-header-efaflex-768x595.jpg 768w\" sizes=\"(max-width: 1246px) 100vw, 1246px\" \/>                                                    <\/div>\r\n                                            \r\n                                                                <h2 class=\"headline-two\">\r\n                                                        Serie TK &#8211; Portes rapides pour chambres froides                        <\/h2>\r\n                    \r\n                        <p class=\"normal-font\"><\/p>\r\n                                                                                                                                                                                                    \r\n                                      <a href=\"https:\/\/www.efaflex.ch\/wp-content\/uploads\/sites\/5\/2026\/03\/Serie-TK-fr.zip\" class=\"load-more-button\">\r\n                                          T\u00e9l\u00e9charger le ZIP                                      <\/a>\r\n\r\n                                    \r\n                                                                                                    <\/div>\r\n                            <div class=\"thema-box flex-box-thirty\">\r\n                                            <div class=\"bild-box\">\r\n                                                                                                                    <img decoding=\"async\" width=\"1920\" height=\"1440\" src=\"https:\/\/www.efaflex.ch\/wp-content\/uploads\/sites\/5\/2026\/03\/laser-structuring-004-sst.jpg\" class=\"attachment-thementease-thumbnail size-thementease-thumbnail\" alt=\"\" srcset=\"https:\/\/www.efaflex.ch\/wp-content\/uploads\/sites\/5\/2026\/03\/laser-structuring-004-sst.jpg 1920w, https:\/\/www.efaflex.ch\/wp-content\/uploads\/sites\/5\/2026\/03\/laser-structuring-004-sst-300x225.jpg 300w, https:\/\/www.efaflex.ch\/wp-content\/uploads\/sites\/5\/2026\/03\/laser-structuring-004-sst-768x576.jpg 768w, https:\/\/www.efaflex.ch\/wp-content\/uploads\/sites\/5\/2026\/03\/laser-structuring-004-sst-1024x768.jpg 1024w, https:\/\/www.efaflex.ch\/wp-content\/uploads\/sites\/5\/2026\/03\/laser-structuring-004-sst-1536x1152.jpg 1536w\" sizes=\"(max-width: 1920px) 100vw, 1920px\" \/>                                                    <\/div>\r\n                                            \r\n                                                                <h2 class=\"headline-two\">\r\n                                                        Serie Laser \u2013 Portails de protection laser                        <\/h2>\r\n                    \r\n                        <p class=\"normal-font\"><\/p>\r\n                                                                                                                                                                                                    \r\n                                      <a href=\"https:\/\/www.efaflex.ch\/wp-content\/uploads\/sites\/5\/2026\/03\/Serie-Laser-fr.zip\" class=\"load-more-button\">\r\n                                          T\u00e9l\u00e9charger le ZIP                                      <\/a>\r\n\r\n                                    \r\n                                                                                                    <\/div>\r\n                            <div class=\"thema-box flex-box-thirty\">\r\n                                            <div class=\"bild-box\">\r\n                                                                                                                    <img decoding=\"async\" width=\"1000\" height=\"667\" src=\"https:\/\/www.efaflex.ch\/wp-content\/uploads\/sites\/5\/2022\/07\/titelbild-peripherie-efa-smartconnect.jpg\" class=\"attachment-thementease-thumbnail size-thementease-thumbnail\" alt=\"\" srcset=\"https:\/\/www.efaflex.ch\/wp-content\/uploads\/sites\/5\/2022\/07\/titelbild-peripherie-efa-smartconnect.jpg 1000w, https:\/\/www.efaflex.ch\/wp-content\/uploads\/sites\/5\/2022\/07\/titelbild-peripherie-efa-smartconnect-300x200.jpg 300w, https:\/\/www.efaflex.ch\/wp-content\/uploads\/sites\/5\/2022\/07\/titelbild-peripherie-efa-smartconnect-768x512.jpg 768w, https:\/\/www.efaflex.ch\/wp-content\/uploads\/sites\/5\/2022\/07\/titelbild-peripherie-efa-smartconnect-382x254.jpg 382w\" sizes=\"(max-width: 1000px) 100vw, 1000px\" \/>                                                    <\/div>\r\n                                            \r\n                                                                <h2 class=\"headline-two\">\r\n                                                        P\u00e9riph\u00e9rie &amp; accessoires page principale                        <\/h2>\r\n                    \r\n                        <p class=\"normal-font\"><\/p>\r\n                                                                                                                                                                                                    \r\n                                      <a href=\"https:\/\/www.efaflex.ch\/wp-content\/uploads\/sites\/5\/2026\/03\/Peripherie-fr.zip\" class=\"load-more-button\">\r\n                                          T\u00e9l\u00e9charger le ZIP                                      <\/a>\r\n\r\n                                    \r\n                                                                                                    <\/div>\r\n                        <\/div>\r\n<\/div>\r\n\n\n\n<div style=\"height:100px\" aria-hidden=\"true\" class=\"wp-block-spacer\"><\/div>\n\n\n\r\n<div id=\"bild-text-modul-links-rechts-block_b753dbfa52d5a07d7a2e2399f0a1d974\" class=\"bild-text-modul-container\">\r\n    <div class=\"inner\">\r\n                                                                                        <div id=\"\" class=\"bild-text-modul-links bild-text-modul\">\r\n                                <div class=\"custom-flex-box\">\r\n                                    <div class=\"flex-box-sixty bild-container\">\r\n                                                                                                                                                                                                                                                                                        <img decoding=\"async\" width=\"1000\" height=\"642\" src=\"https:\/\/www.efaflex.ch\/wp-content\/uploads\/sites\/5\/2020\/04\/Bau_Keyvisual_EFAFLEX_Voegele_143_komprimiert_1000x642px.png\" class=\"attachment-full size-full\" alt=\"\" srcset=\"https:\/\/www.efaflex.ch\/wp-content\/uploads\/sites\/5\/2020\/04\/Bau_Keyvisual_EFAFLEX_Voegele_143_komprimiert_1000x642px.png 1000w, https:\/\/www.efaflex.ch\/wp-content\/uploads\/sites\/5\/2020\/04\/Bau_Keyvisual_EFAFLEX_Voegele_143_komprimiert_1000x642px-300x193.png 300w, https:\/\/www.efaflex.ch\/wp-content\/uploads\/sites\/5\/2020\/04\/Bau_Keyvisual_EFAFLEX_Voegele_143_komprimiert_1000x642px-768x493.png 768w\" sizes=\"(max-width: 1000px) 100vw, 1000px\" \/>                                                                                                                                                                        <\/div>\r\n\r\n                                    <div class=\"flex-box-fourty text-container\">\r\n                                        <div class=\"text-container-flex\">\r\n                                            <div class=\"text-inner\">\r\n                                                                                                                                                            <div class=\"text-left-border\">\r\n                                                            <div class=\"text-cut\">\r\n                                                                                                                                    <span>Recherche de produits<\/span>\r\n                                                                 \r\n\r\n                                                                                                                                          <h2 class=\"headline-two\">Trouver la bonne porte industrielle en quelques clics.<\/h2>                                                                   \r\n\r\n                                                                \r\n                                                            <\/div>\r\n                                                            <div class=\"button-box\">\r\n                                                                                                                                                                                                                                                                                                                                                              <a class=\"load-more-button\" href=\"https:\/\/www.efaflex.ch\/fr\/produits\/recherche-de-produits\/\">En savoir plus<\/a>\r\n                                                                                                                                                                                                                                                                        <\/div>\r\n                                                        <\/div>\r\n                                                                                                                                                <\/div>\r\n                                        <\/div>\r\n                                    <\/div>\r\n                                <\/div>\r\n                            <\/div>\r\n\r\n                                    \r\n            \r\n\r\n        \r\n\r\n\r\n        <\/div>\r\n<\/div>\r\n\r\n<style>\r\n    .bild-text-modul {\r\n        scroll-margin-top: 143px;\r\n    }\r\n<\/style>\n\n\n<div style=\"height:100px\" aria-hidden=\"true\" class=\"wp-block-spacer\"><\/div>\n\n\n<div class=\"inner\">\r\n    <div id=\"bild-text-modul-1-3-block_cecbe9f08e8029a33d06ef3dd31ff672\" class=\"themen-container custom-flex-box\">\r\n                                    <div class=\"thema-box flex-box-thirty\">\r\n                                            <div class=\"bild-box\">\r\n                                                                                                                    <img decoding=\"async\" width=\"1246\" height=\"966\" src=\"https:\/\/www.efaflex.ch\/wp-content\/uploads\/sites\/5\/2025\/11\/schnelllauftore-produkte-industrietore-efaflex.jpg\" class=\"attachment-thementease-thumbnail size-thementease-thumbnail\" alt=\"\" srcset=\"https:\/\/www.efaflex.ch\/wp-content\/uploads\/sites\/5\/2025\/11\/schnelllauftore-produkte-industrietore-efaflex.jpg 1246w, https:\/\/www.efaflex.ch\/wp-content\/uploads\/sites\/5\/2025\/11\/schnelllauftore-produkte-industrietore-efaflex-300x233.jpg 300w, https:\/\/www.efaflex.ch\/wp-content\/uploads\/sites\/5\/2025\/11\/schnelllauftore-produkte-industrietore-efaflex-768x595.jpg 768w, https:\/\/www.efaflex.ch\/wp-content\/uploads\/sites\/5\/2025\/11\/schnelllauftore-produkte-industrietore-efaflex-1024x794.jpg 1024w\" sizes=\"(max-width: 1246px) 100vw, 1246px\" \/>                                                    <\/div>\r\n                                            \r\n                                                                <h2 class=\"headline-two\">\r\n                                                        Produits                        <\/h2>\r\n                    \r\n                        <p class=\"normal-font\">Nos portes haut de gamme sont rapides et efficaces, s\u00fbres et fiables. Gr\u00e2ce \u00e0 notre d\u00e9partement recherche et d\u00e9veloppement, nous sommes en mesure de trouver la solution parfaite pour r\u00e9pondre aux besoins des clients et de la concr\u00e9tiser.<\/p>\r\n                                                                                                                                                                                                        <a href=\"https:\/\/www.efaflex.ch\/fr\/produits\/\" class=\"load-more-button\">Mehr erfahren<\/a>\r\n                                                                                                                                    <\/div>\r\n                            <div class=\"thema-box flex-box-thirty\">\r\n                                            <div class=\"bild-box\">\r\n                                                                                                                    <img decoding=\"async\" width=\"923\" height=\"556\" src=\"https:\/\/www.efaflex.ch\/wp-content\/uploads\/sites\/5\/2022\/07\/unternehmen_bild3.jpg\" class=\"attachment-thementease-thumbnail size-thementease-thumbnail\" alt=\"\" srcset=\"https:\/\/www.efaflex.ch\/wp-content\/uploads\/sites\/5\/2022\/07\/unternehmen_bild3.jpg 923w, https:\/\/www.efaflex.ch\/wp-content\/uploads\/sites\/5\/2022\/07\/unternehmen_bild3-300x181.jpg 300w, https:\/\/www.efaflex.ch\/wp-content\/uploads\/sites\/5\/2022\/07\/unternehmen_bild3-768x463.jpg 768w\" sizes=\"(max-width: 923px) 100vw, 923px\" \/>                                                    <\/div>\r\n                                            \r\n                                                                <h2 class=\"headline-two\">\r\n                                                        Durabilit\u00e9                        <\/h2>\r\n                    \r\n                        <p class=\"normal-font\">En tant qu\u2019entreprise familiale, nous travaillons en pensant aux g\u00e9n\u00e9rations futures. Par cons\u00e9quent, nous fabriquons des portes haut de gamme durables, avec une usure minime et de faibles co\u00fbts d\u2019exploitation en m\u00e9nageant les ressources.<\/p>\r\n                                                                                                                                                                                                        <a href=\"https:\/\/www.efaflex.ch\/fr\/entreprise\/durabilite\/\" class=\"load-more-button\">Mehr erfahren<\/a>\r\n                                                                                                                                    <\/div>\r\n                        <\/div>\r\n<\/div>\r\n\n\n\n<div style=\"height:100px\" aria-hidden=\"true\" class=\"wp-block-spacer\"><\/div>\n","protected":false},"excerpt":{"rendered":"","protected":false},"author":6,"featured_media":0,"parent":12750,"menu_order":37,"comment_status":"closed","ping_status":"closed","template":"","meta":{"_acf_changed":false,"footnotes":""},"class_list":["post-15719","page","type-page","status-publish","hentry"],"acf":[],"_links":{"self":[{"href":"https:\/\/www.efaflex.ch\/fr\/wp-json\/wp\/v2\/pages\/15719","targetHints":{"allow":["GET"]}}],"collection":[{"href":"https:\/\/www.efaflex.ch\/fr\/wp-json\/wp\/v2\/pages"}],"about":[{"href":"https:\/\/www.efaflex.ch\/fr\/wp-json\/wp\/v2\/types\/page"}],"author":[{"embeddable":true,"href":"https:\/\/www.efaflex.ch\/fr\/wp-json\/wp\/v2\/users\/6"}],"replies":[{"embeddable":true,"href":"https:\/\/www.efaflex.ch\/fr\/wp-json\/wp\/v2\/comments?post=15719"}],"version-history":[{"count":17,"href":"https:\/\/www.efaflex.ch\/fr\/wp-json\/wp\/v2\/pages\/15719\/revisions"}],"predecessor-version":[{"id":21067,"href":"https:\/\/www.efaflex.ch\/fr\/wp-json\/wp\/v2\/pages\/15719\/revisions\/21067"}],"up":[{"embeddable":true,"href":"https:\/\/www.efaflex.ch\/fr\/wp-json\/wp\/v2\/pages\/12750"}],"wp:attachment":[{"href":"https:\/\/www.efaflex.ch\/fr\/wp-json\/wp\/v2\/media?parent=15719"}],"curies":[{"name":"wp","href":"https:\/\/api.w.org\/{rel}","templated":true}]}}